{"id":33634,"date":"2025-11-26T14:59:51","date_gmt":"2025-11-26T14:59:51","guid":{"rendered":"https:\/\/centreroyhart.org\/?page_id=33634"},"modified":"2026-04-15T22:38:57","modified_gmt":"2026-04-15T22:38:57","slug":"statuts","status":"publish","type":"page","link":"https:\/\/centreroyhart.org\/fr\/statuts\/","title":{"rendered":"Statuts"},"content":{"rendered":"\t\t<div data-elementor-type=\"wp-page\" data-elementor-id=\"33634\" class=\"elementor elementor-33634\" data-elementor-post-type=\"page\">\n\t\t\t\t<div class=\"elementor-element elementor-element-443024f e-flex e-con-boxed e-con e-parent\" data-id=\"443024f\" data-element_type=\"container\" data-e-type=\"container\" data-settings=\"{&quot;background_background&quot;:&quot;classic&quot;,&quot;jet_parallax_layout_list&quot;:[]}\">\n\t\t\t\t\t<div class=\"e-con-inner\">\n\t\t\t\t<div class=\"elementor-element elementor-element-66e3635 elementor-widget-mobile_extra__width-initial elementor-widget elementor-widget-heading\" data-id=\"66e3635\" data-element_type=\"widget\" data-e-type=\"widget\" data-widget_type=\"heading.default\">\n\t\t\t\t\t<h1 class=\"elementor-heading-title elementor-size-default\">Statuts<\/h1>\t\t\t\t<\/div>\n\t\t\t\t\t<\/div>\n\t\t\t\t<\/div>\n\t\t<div class=\"elementor-element elementor-element-c10ec51 e-flex e-con-boxed e-con e-parent\" data-id=\"c10ec51\" data-element_type=\"container\" data-e-type=\"container\" data-settings=\"{&quot;jet_parallax_layout_list&quot;:[]}\">\n\t\t\t\t\t<div class=\"e-con-inner\">\n\t\t\t\t<div class=\"elementor-element elementor-element-c6d82be elementor-widget elementor-widget-heading\" data-id=\"c6d82be\" data-element_type=\"widget\" data-e-type=\"widget\" data-widget_type=\"heading.default\">\n\t\t\t\t\t<h2 class=\"elementor-heading-title elementor-size-default\">Pr\u00e9ambule<\/h2>\t\t\t\t<\/div>\n\t\t\t\t<div class=\"elementor-element elementor-element-eadeb70 elementor-widget elementor-widget-text-editor\" data-id=\"eadeb70\" data-element_type=\"widget\" data-e-type=\"widget\" data-widget_type=\"text-editor.default\">\n\t\t\t\t\t\t\t\t\t<p>En 1974, le Roy Hart Theatre, troupe venue de Londres, s\u2019est install\u00e9 au Ch\u00e2teau de Mal\u00e9rargues. L\u2019association loi 1901 \u00ab Roy Hart Theatre association \u00bb a \u00e9t\u00e9 cr\u00e9\u00e9e en 1975.<br \/>Suite \u00e0 sa dissolution, il a \u00e9t\u00e9 cr\u00e9\u00e9 en 1990 l\u2019association loi 1901 \u201cCentre Artistique International Roy Hart\u201d. Suite \u00e0 un vote des membres de cette association \u00e0 l\u2019occasion de l\u2019Assembl\u00e9e G\u00e9n\u00e9rale Extraordinaire du 24 mai 2024, il a \u00e9t\u00e9 d\u00e9cid\u00e9 de renommer cette association \u00ab Centre de Voix Roy Hart \u00bb, avec pour sous-titre : \u00ab Centre international d\u00e9di\u00e9 \u00e0 la recherche et \u00e0 la transmission de l\u2019oeuvre d\u2019Alfred Wolfsohn, de Roy Hart et du Roy Hart Theatre \u00bb<\/p>\t\t\t\t\t\t\t\t<\/div>\n\t\t\t\t\t<\/div>\n\t\t\t\t<\/div>\n\t\t<div class=\"elementor-element elementor-element-e0b674d e-flex e-con-boxed e-con e-parent\" data-id=\"e0b674d\" data-element_type=\"container\" data-e-type=\"container\" data-settings=\"{&quot;jet_parallax_layout_list&quot;:[]}\">\n\t\t\t\t\t<div class=\"e-con-inner\">\n\t\t\t\t<div class=\"elementor-element elementor-element-095bb4d elementor-widget elementor-widget-heading\" data-id=\"095bb4d\" data-element_type=\"widget\" data-e-type=\"widget\" data-widget_type=\"heading.default\">\n\t\t\t\t\t<h2 class=\"elementor-heading-title elementor-size-default\">Article 1<\/h2>\t\t\t\t<\/div>\n\t\t\t\t<div class=\"elementor-element elementor-element-dd47086 elementor-widget elementor-widget-text-editor\" data-id=\"dd47086\" data-element_type=\"widget\" data-e-type=\"widget\" data-widget_type=\"text-editor.default\">\n\t\t\t\t\t\t\t\t\t<p>Il est fond\u00e9 entre les adh\u00e9rents aux pr\u00e9sents statuts une association r\u00e9gie par la loi du 1er juillet 1901 et le d\u00e9cret du 16 ao\u00fbt 1901 ayant pour titre \u00ab Centre de Voix Roy Hart \u00bb ayant pour sous titre \u00ab Centre international d\u00e9di\u00e9 \u00e0 la recherche et \u00e0 la transmission du travail d\u2019Alfred Wolfsohn, de Roy Hart et du Roy Hart Theatre \u00bb.<\/p>\t\t\t\t\t\t\t\t<\/div>\n\t\t\t\t\t<\/div>\n\t\t\t\t<\/div>\n\t\t<div class=\"elementor-element elementor-element-5389432 e-flex e-con-boxed e-con e-parent\" data-id=\"5389432\" data-element_type=\"container\" data-e-type=\"container\" data-settings=\"{&quot;jet_parallax_layout_list&quot;:[]}\">\n\t\t\t\t\t<div class=\"e-con-inner\">\n\t\t\t\t<div class=\"elementor-element elementor-element-6da1844 elementor-widget elementor-widget-heading\" data-id=\"6da1844\" data-element_type=\"widget\" data-e-type=\"widget\" data-widget_type=\"heading.default\">\n\t\t\t\t\t<h2 class=\"elementor-heading-title elementor-size-default\">Article 2<\/h2>\t\t\t\t<\/div>\n\t\t\t\t<div class=\"elementor-element elementor-element-3adbf80 elementor-widget elementor-widget-text-editor\" data-id=\"3adbf80\" data-element_type=\"widget\" data-e-type=\"widget\" data-widget_type=\"text-editor.default\">\n\t\t\t\t\t\t\t\t\t<p>Cette association a pour but :<\/p><ul><li>D\u00e9velopper les activit\u00e9s artistiques et p\u00e9dagogiques du Centre de Voix Roy Hart.<\/li><li>Promouvoir, prot\u00e9ger, g\u00e9rer et transmettre le patrimoine artistique et intellectuel d\u2019 Alfred Wolfsohn, de Roy Hart et du <em>Roy Hart Theatre<\/em>.<\/li><li>Mener, encourager et transmettre des recherches artistiques en particulier dans le domaine de la voix humaine.<\/li><li>Cr\u00e9er et accueillir des repr\u00e9sentations th\u00e9\u00e2trales et musicales, organiser des stages et des \u00e9v\u00e8nements culturels.<\/li><li>Recevoir tous cachets, paiements de ses diverses activit\u00e9s, contributions et aides et diriger ces fonds pour le soutien et l\u2019\u00e9panouissement des activit\u00e9s susdites.<\/li><\/ul>\t\t\t\t\t\t\t\t<\/div>\n\t\t\t\t\t<\/div>\n\t\t\t\t<\/div>\n\t\t<div class=\"elementor-element elementor-element-e492a72 e-flex e-con-boxed e-con e-parent\" data-id=\"e492a72\" data-element_type=\"container\" data-e-type=\"container\" data-settings=\"{&quot;jet_parallax_layout_list&quot;:[]}\">\n\t\t\t\t\t<div class=\"e-con-inner\">\n\t\t\t\t<div class=\"elementor-element elementor-element-b7fba83 elementor-widget elementor-widget-heading\" data-id=\"b7fba83\" data-element_type=\"widget\" data-e-type=\"widget\" data-widget_type=\"heading.default\">\n\t\t\t\t\t<h2 class=\"elementor-heading-title elementor-size-default\">Article 3<\/h2>\t\t\t\t<\/div>\n\t\t\t\t<div class=\"elementor-element elementor-element-6a888c7 elementor-widget elementor-widget-text-editor\" data-id=\"6a888c7\" data-element_type=\"widget\" data-e-type=\"widget\" data-widget_type=\"text-editor.default\">\n\t\t\t\t\t\t\t\t\t<p>Le si\u00e8ge social est fix\u00e9 au Ch\u00e2teau de Mal\u00e9rargues, 30140 Thoiras-Corb\u00e8s, France.<br \/>II pourra \u00eatre transf\u00e9r\u00e9 par simple d\u00e9cision du Conseil d\u2019 Administration; la ratification par l\u2019Assembl\u00e9e G\u00e9n\u00e9rale sera n\u00e9cessaire.<\/p>\t\t\t\t\t\t\t\t<\/div>\n\t\t\t\t\t<\/div>\n\t\t\t\t<\/div>\n\t\t<div class=\"elementor-element elementor-element-6c142af e-flex e-con-boxed e-con e-parent\" data-id=\"6c142af\" data-element_type=\"container\" data-e-type=\"container\" data-settings=\"{&quot;jet_parallax_layout_list&quot;:[]}\">\n\t\t\t\t\t<div class=\"e-con-inner\">\n\t\t\t\t<div class=\"elementor-element elementor-element-3cdff25 elementor-widget elementor-widget-heading\" data-id=\"3cdff25\" data-element_type=\"widget\" data-e-type=\"widget\" data-widget_type=\"heading.default\">\n\t\t\t\t\t<h2 class=\"elementor-heading-title elementor-size-default\">Article 4<\/h2>\t\t\t\t<\/div>\n\t\t\t\t<div class=\"elementor-element elementor-element-6fde027 elementor-widget elementor-widget-text-editor\" data-id=\"6fde027\" data-element_type=\"widget\" data-e-type=\"widget\" data-widget_type=\"text-editor.default\">\n\t\t\t\t\t\t\t\t\t<p>L\u2019association est compos\u00e9e de quatre coll\u00e8ges de membres:<br \/>1) Coll\u00e8ge des Membres Actifs<br \/>2) Coll\u00e8ge des Membres Associ\u00e9s<br \/>3) Coll\u00e8ge des Membres d\u2019Honneur<br \/>4) Coll\u00e8ge des Membres Adh\u00e9rent<\/p>\t\t\t\t\t\t\t\t<\/div>\n\t\t\t\t\t<\/div>\n\t\t\t\t<\/div>\n\t\t<div class=\"elementor-element elementor-element-c4f269c e-flex e-con-boxed e-con e-parent\" data-id=\"c4f269c\" data-element_type=\"container\" data-e-type=\"container\" data-settings=\"{&quot;jet_parallax_layout_list&quot;:[]}\">\n\t\t\t\t\t<div class=\"e-con-inner\">\n\t\t\t\t<div class=\"elementor-element elementor-element-75a0c8d elementor-widget elementor-widget-heading\" data-id=\"75a0c8d\" data-element_type=\"widget\" data-e-type=\"widget\" data-widget_type=\"heading.default\">\n\t\t\t\t\t<h2 class=\"elementor-heading-title elementor-size-default\">Article 5 \u2013 Coll\u00e8ges et admission<\/h2>\t\t\t\t<\/div>\n\t\t\t\t<div class=\"elementor-element elementor-element-c80e86f elementor-widget elementor-widget-text-editor\" data-id=\"c80e86f\" data-element_type=\"widget\" data-e-type=\"widget\" data-widget_type=\"text-editor.default\">\n\t\t\t\t\t\t\t\t\t<p><strong>I \u2013 Coll\u00e8ge des Membres Actifs (MAC)<\/strong><\/p><p>Le Coll\u00e8ge des Membres Actifs est compos\u00e9 de :<\/p><p>\u2013 Personnes ayant enseign\u00e9 \u00e0 Mal\u00e9rargues avant 1989 et ayant cotis\u00e9 chacune des deux derni\u00e8res ann\u00e9es avant l\u2019AG.<br \/>\u2013 Personnes ayant contribu\u00e9 notoirement aux activit\u00e9s de l\u2019association, parrain\u00e9es par deux Membres Actifs et agr\u00e9\u00e9es par vote du Coll\u00e8ge des Membres Actifs \u00e0 la majorit\u00e9 absolue des pr\u00e9sents et repr\u00e9sent\u00e9s.<\/p><p>Les Membres Actifs ont droit de vote aux Assembl\u00e9es G\u00e9n\u00e9rales. Ils peuvent voter ou donner procuration, dans la limite de 2 d\u00e9l\u00e9gations par personne \u00e0 un membre votant (Membre Actif ou Membre Associ\u00e9) pr\u00e9sent, selon les proc\u00e9dures d\u00e9finies dans le R\u00e8glement Int\u00e9rieur.<\/p><p>Les Membres Actifs paient une cotisation annuelle.<\/p><p>Le Coll\u00e8ge des Membres Actifs peut d\u00e9signer des Membres d\u2019Honneur<\/p>\t\t\t\t\t\t\t\t<\/div>\n\t\t\t\t<div class=\"elementor-element elementor-element-afe5415 elementor-widget elementor-widget-text-editor\" data-id=\"afe5415\" data-element_type=\"widget\" data-e-type=\"widget\" data-widget_type=\"text-editor.default\">\n\t\t\t\t\t\t\t\t\t<p><strong>II \u2013 Coll\u00e8ge des Membres Associ\u00e9s (MAS)<\/strong><\/p><p>Le Coll\u00e8ge des Membres Associ\u00e9s est compos\u00e9 de personnes ayant contribu\u00e9 de fa\u00e7on notoire aux activit\u00e9s de l\u2019association et agr\u00e9\u00e9es par le Conseil d\u2019 Administration.<\/p><p>Les Membres Associ\u00e9s ont droit de vote aux Assembl\u00e9es G\u00e9n\u00e9rales. Ils peuvent voter ou donner procuration, dans la limite de 2 d\u00e9l\u00e9gations par personne \u00e0 un membre votant (Membre Actif ou Membre Associ\u00e9) pr\u00e9sent, selon les proc\u00e9dures d\u00e9finies dans le R\u00e8glement Int\u00e9rieur.<\/p><p>Les Membres Associ\u00e9s paient une cotisation annuelle.<\/p><p>Pour \u00eatre Membre Associ\u00e9, il faut \u00eatre propos\u00e9 par deux Membres Actifs et agr\u00e9\u00e9 par le Conseil d\u2019Administration. En cas de refus, il peut \u00eatre fait appel au coll\u00e8ge des Membres Actifs qui statue \u00e0 la majorit\u00e9 absolue.<\/p>\t\t\t\t\t\t\t\t<\/div>\n\t\t\t\t<div class=\"elementor-element elementor-element-29b1a49 elementor-widget elementor-widget-text-editor\" data-id=\"29b1a49\" data-element_type=\"widget\" data-e-type=\"widget\" data-widget_type=\"text-editor.default\">\n\t\t\t\t\t\t\t\t\t<p><strong>III \u2013 Coll\u00e8ge des Membres d\u2019Honneur<\/strong><\/p><p>Sont Membres d\u2019Honneur ceux qui ont rendu des services signal\u00e9s \u00e0 l\u2019association, parrain\u00e9s par deux Membres Actifs et agr\u00e9\u00e9s par vote \u00e0 la majorit\u00e9 absolue des pr\u00e9sents et repr\u00e9sent\u00e9s.<\/p><p>Les Membres d\u2019Honneur sont dispens\u00e9s de cotisations.<\/p><p>Les Membres d\u2019Honneur sont convoqu\u00e9s et peuvent assister \u00e0 l\u2019Assembl\u00e9e G\u00e9n\u00e9rale sans droit de vote- sauf s\u2019ils sont aussi MAC ou MAS. Les Personnes cumulant les statuts MAS + Membre d\u2019Honneur ou MAC + Membre d\u2019Honneur sont exon\u00e9r\u00e9s de cotisation et ont le droit de vote en Assembl\u00e9e G\u00e9n\u00e9rale.<\/p>\t\t\t\t\t\t\t\t<\/div>\n\t\t\t\t<div class=\"elementor-element elementor-element-4d9b8d4 elementor-widget elementor-widget-text-editor\" data-id=\"4d9b8d4\" data-element_type=\"widget\" data-e-type=\"widget\" data-widget_type=\"text-editor.default\">\n\t\t\t\t\t\t\t\t\t<p><strong>IV \u2013 Coll\u00e8ge des Membres Adh\u00e9rents<\/strong><\/p><p>Le Coll\u00e8ge des Membres Adh\u00e9rents est compos\u00e9 des personnes portant int\u00e9r\u00eat \u00e0 l\u2019association, ayant pay\u00e9 une adh\u00e9sion annuelle. Ils sont convoqu\u00e9s et peuvent assister \u00e0 l\u2019Assembl\u00e9e G\u00e9n\u00e9rale sans droit de vote.<\/p><p>Les montants et les modalit\u00e9s des cotisations et des adh\u00e9sions sont fix\u00e9s par le Conseil d\u2019Administration et ratifi\u00e9s par l\u2019 Assembl\u00e9e G\u00e9n\u00e9rale.<\/p>\t\t\t\t\t\t\t\t<\/div>\n\t\t\t\t\t<\/div>\n\t\t\t\t<\/div>\n\t\t<div class=\"elementor-element elementor-element-722c354 e-flex e-con-boxed e-con e-parent\" data-id=\"722c354\" data-element_type=\"container\" data-e-type=\"container\" data-settings=\"{&quot;jet_parallax_layout_list&quot;:[]}\">\n\t\t\t\t\t<div class=\"e-con-inner\">\n\t\t\t\t<div class=\"elementor-element elementor-element-824d20d elementor-widget elementor-widget-heading\" data-id=\"824d20d\" data-element_type=\"widget\" data-e-type=\"widget\" data-widget_type=\"heading.default\">\n\t\t\t\t\t<h2 class=\"elementor-heading-title elementor-size-default\">Article 6 - Radiations<\/h2>\t\t\t\t<\/div>\n\t\t\t\t<div class=\"elementor-element elementor-element-f2ef180 elementor-widget elementor-widget-text-editor\" data-id=\"f2ef180\" data-element_type=\"widget\" data-e-type=\"widget\" data-widget_type=\"text-editor.default\">\n\t\t\t\t\t\t\t\t\t<p>La qualit\u00e9 de membre se perd par :<\/p><p>1) la d\u00e9mission transmise au Conseil d\u2019 Administration<br \/>2) la radiation prononc\u00e9e par le Conseil d\u2019 Administration par d\u00e9faut de paiement de la cotisation.<br \/>3) une demande de radiation pour motif grave portant pr\u00e9judice moral ou mat\u00e9riel \u00e0 l\u2019association, pr\u00e9sent\u00e9e par trois Membres Actifs au Conseil d\u2019Administration, qui vote la radiation, l\u2019int\u00e9ress\u00e9 ayant \u00e9t\u00e9 pr\u00e9alablement invit\u00e9 \u00e0 pr\u00e9senter sa d\u00e9fense au Conseil d\u2019Administration.<\/p>\t\t\t\t\t\t\t\t<\/div>\n\t\t\t\t\t<\/div>\n\t\t\t\t<\/div>\n\t\t<div class=\"elementor-element elementor-element-48a1550 e-flex e-con-boxed e-con e-parent\" data-id=\"48a1550\" data-element_type=\"container\" data-e-type=\"container\" data-settings=\"{&quot;jet_parallax_layout_list&quot;:[]}\">\n\t\t\t\t\t<div class=\"e-con-inner\">\n\t\t\t\t<div class=\"elementor-element elementor-element-949c5bc elementor-widget elementor-widget-heading\" data-id=\"949c5bc\" data-element_type=\"widget\" data-e-type=\"widget\" data-widget_type=\"heading.default\">\n\t\t\t\t\t<h2 class=\"elementor-heading-title elementor-size-default\">Article 7 - Ressources<\/h2>\t\t\t\t<\/div>\n\t\t\t\t<div class=\"elementor-element elementor-element-8a7648a elementor-widget elementor-widget-text-editor\" data-id=\"8a7648a\" data-element_type=\"widget\" data-e-type=\"widget\" data-widget_type=\"text-editor.default\">\n\t\t\t\t\t\t\t\t\t<p>Les ressources de l\u2019association comprennent :<\/p><p>\u2013 le montant des droits d\u2019entr\u00e9e, des cotisations, des contributions et des dons.<br \/>\u2013 les produits provenant de l\u2019 activit\u00e9 artistique et p\u00e9dagogique de l\u2019association.<br \/>\u2013 les revenus de ses biens et de ses \u00e9quipements.<br \/>\u2013 les subventions de l\u2019\u00c9tat, des R\u00e9gions, des D\u00e9partements, des Communes et de la Communaut\u00e9 Europ\u00e9enne, ou autres.<br \/>\u2013 toutes ressources autoris\u00e9es par les textes l\u00e9gislatifs et r\u00e9glementaires.<\/p>\t\t\t\t\t\t\t\t<\/div>\n\t\t\t\t\t<\/div>\n\t\t\t\t<\/div>\n\t\t<div class=\"elementor-element elementor-element-0a61747 e-flex e-con-boxed e-con e-parent\" data-id=\"0a61747\" data-element_type=\"container\" data-e-type=\"container\" data-settings=\"{&quot;jet_parallax_layout_list&quot;:[]}\">\n\t\t\t\t\t<div class=\"e-con-inner\">\n\t\t\t\t<div class=\"elementor-element elementor-element-50665db elementor-widget elementor-widget-heading\" data-id=\"50665db\" data-element_type=\"widget\" data-e-type=\"widget\" data-widget_type=\"heading.default\">\n\t\t\t\t\t<h2 class=\"elementor-heading-title elementor-size-default\">Article 8 - Le Conseil d'Administration<\/h2>\t\t\t\t<\/div>\n\t\t\t\t<div class=\"elementor-element elementor-element-43d7ba3 elementor-widget elementor-widget-text-editor\" data-id=\"43d7ba3\" data-element_type=\"widget\" data-e-type=\"widget\" data-widget_type=\"text-editor.default\">\n\t\t\t\t\t\t\t\t\t<p>1. L\u2019association est dirig\u00e9e par un Conseil d\u2019 Administration \u00e9lu pour 2 ann\u00e9es par l\u2019Assembl\u00e9e G\u00e9n\u00e9rale. Les membres sont r\u00e9\u00e9ligibles.<br \/>2. Le Conseil d\u2019 Administration est compos\u00e9 au minimum de cinq membres.<br \/>3. Pour \u00eatre \u00e9lu, les candidats au Conseil d\u2019 Administration doivent obtenir la majorit\u00e9 absolue des deux coll\u00e8ges (MAC + MAS).<br \/>4. En cas de non obtention d\u2019un Conseil d\u2019 Administration avec minimum cinq membres une nouvelle \u00e9lection est organis\u00e9e apr\u00e8s un d\u00e9lai de 15 jours.<\/p>\t\t\t\t\t\t\t\t<\/div>\n\t\t\t\t\t<\/div>\n\t\t\t\t<\/div>\n\t\t<div class=\"elementor-element elementor-element-a936253 e-flex e-con-boxed e-con e-parent\" data-id=\"a936253\" data-element_type=\"container\" data-e-type=\"container\" data-settings=\"{&quot;jet_parallax_layout_list&quot;:[]}\">\n\t\t\t\t\t<div class=\"e-con-inner\">\n\t\t\t\t<div class=\"elementor-element elementor-element-17cc9d9 elementor-widget elementor-widget-heading\" data-id=\"17cc9d9\" data-element_type=\"widget\" data-e-type=\"widget\" data-widget_type=\"heading.default\">\n\t\t\t\t\t<h2 class=\"elementor-heading-title elementor-size-default\">Election du Bureau<\/h2>\t\t\t\t<\/div>\n\t\t\t\t<div class=\"elementor-element elementor-element-eab412a elementor-widget elementor-widget-text-editor\" data-id=\"eab412a\" data-element_type=\"widget\" data-e-type=\"widget\" data-widget_type=\"text-editor.default\">\n\t\t\t\t\t\t\t\t\t<p>Le conseil d\u2019 administration \u00e9lit parmi ses membres un bureau compos\u00e9 de<br \/>\u2013 un Pr\u00e9sident<br \/>\u2013 un Secr\u00e9taire<br \/>\u2013 un Tr\u00e9sorier<\/p><p>En cas de vacances, le Conseil d\u2019 Administration pourvoit provisoirement au remplacement de ses membres. II est proc\u00e9d\u00e9 \u00e0 leur remplacement d\u00e9finitif par la prochaine Assembl\u00e9e G\u00e9n\u00e9rale. Les pouvoirs des membres ainsi \u00e9lus prennent fin \u00e0 l\u2019\u00e9poque o\u00f9 devrait normalement expirer le mandat des membres remplac\u00e9s.<\/p>\t\t\t\t\t\t\t\t<\/div>\n\t\t\t\t\t<\/div>\n\t\t\t\t<\/div>\n\t\t<div class=\"elementor-element elementor-element-548696c e-flex e-con-boxed e-con e-parent\" data-id=\"548696c\" data-element_type=\"container\" data-e-type=\"container\" data-settings=\"{&quot;jet_parallax_layout_list&quot;:[]}\">\n\t\t\t\t\t<div class=\"e-con-inner\">\n\t\t\t\t<div class=\"elementor-element elementor-element-bacf056 elementor-widget elementor-widget-heading\" data-id=\"bacf056\" data-element_type=\"widget\" data-e-type=\"widget\" data-widget_type=\"heading.default\">\n\t\t\t\t\t<h2 class=\"elementor-heading-title elementor-size-default\">Article 9 \u2013 Pouvoirs du Conseil<\/h2>\t\t\t\t<\/div>\n\t\t\t\t<div class=\"elementor-element elementor-element-a8eeea8 elementor-widget elementor-widget-text-editor\" data-id=\"a8eeea8\" data-element_type=\"widget\" data-e-type=\"widget\" data-widget_type=\"text-editor.default\">\n\t\t\t\t\t\t\t\t\t<p>Le conseil est investi des pouvoirs les plus \u00e9tendus pour administrer l\u2019association dans les limites de son objet et sous r\u00e9serves des pouvoirs de l\u2019assembl\u00e9e g\u00e9n\u00e9rale.<\/p><p>Il prend notamment toutes les d\u00e9cisions relatives \u00e0 la gestion et \u00e0 la conservation du patrimoine de l\u2019association et particuli\u00e8rement celles \u00e0 l\u2019emploi des fonds et \u00e0 la prise \u00e0 bail des locaux n\u00e9cessaires \u00e0 la r\u00e9alisation de l\u2019objet de l\u2019association.<\/p><p>Le conseil veille aux int\u00e9r\u00eats moraux et mat\u00e9riels de l\u2019association.<br \/>Le conseil est le garant des valeurs et des principes \u00e9ducatifs de l\u2019association.<br \/>Le conseil d\u00e9finit les principales orientations de l\u2019association, les objectifs \u00e0 atteindre et les moyens. \u00e0 mettre en \u0153uvre.<br \/>Il arr\u00eate le budget pr\u00e9visionnel en d\u00e9but d\u2019exercice et les comptes annuels de l\u2019association<\/p>\t\t\t\t\t\t\t\t<\/div>\n\t\t\t\t\t<\/div>\n\t\t\t\t<\/div>\n\t\t<div class=\"elementor-element elementor-element-b42d61b e-flex e-con-boxed e-con e-parent\" data-id=\"b42d61b\" data-element_type=\"container\" data-e-type=\"container\" data-settings=\"{&quot;jet_parallax_layout_list&quot;:[]}\">\n\t\t\t\t\t<div class=\"e-con-inner\">\n\t\t\t\t<div class=\"elementor-element elementor-element-e03fcf2 elementor-widget elementor-widget-heading\" data-id=\"e03fcf2\" data-element_type=\"widget\" data-e-type=\"widget\" data-widget_type=\"heading.default\">\n\t\t\t\t\t<h2 class=\"elementor-heading-title elementor-size-default\">Article 10 \u2013 R\u00e9unions du Conseil d\u2019Administration\n<\/h2>\t\t\t\t<\/div>\n\t\t\t\t<div class=\"elementor-element elementor-element-05c0bea elementor-widget elementor-widget-text-editor\" data-id=\"05c0bea\" data-element_type=\"widget\" data-e-type=\"widget\" data-widget_type=\"text-editor.default\">\n\t\t\t\t\t\t\t\t\t<p>Le conseil d\u2019 administration se r\u00e9unit une fois au moins tous les 6 mois, sur convocation du Pr\u00e9sident, ou sur la demande au minimum du quart de ses membres.<\/p><p>Les d\u00e9cisions sont prises \u00e0 la majorit\u00e9 absolue.<br \/>Les r\u00e9unions et les votes peuvent se faire par l\u2019internet selon les proc\u00e9dures d\u00e9finies dans le R\u00e8glement Int\u00e9rieur.<br \/>Les d\u00e9cisions du conseil sont prises \u00e0 la majorit\u00e9 des voix, qui dispose aussi des communications par internet et par t\u00e9l\u00e9communications pour voter, discuter et faire avancer les dossiers tout au long de l\u2019ann\u00e9e.<br \/>En cas de partage, la voix du Pr\u00e9sident est pr\u00e9pond\u00e9rante.<br \/>Tout membre du Conseil d\u2019 Administration qui, sans excuse, n\u2019 aura pas particip\u00e9 \u00e0 trois r\u00e9unions cons\u00e9cutives, pourra \u00eatre consid\u00e9r\u00e9 comme d\u00e9missionnaire.<\/p>\t\t\t\t\t\t\t\t<\/div>\n\t\t\t\t\t<\/div>\n\t\t\t\t<\/div>\n\t\t<div class=\"elementor-element elementor-element-37fe135 e-flex e-con-boxed e-con e-parent\" data-id=\"37fe135\" data-element_type=\"container\" data-e-type=\"container\" data-settings=\"{&quot;jet_parallax_layout_list&quot;:[]}\">\n\t\t\t\t\t<div class=\"e-con-inner\">\n\t\t\t\t<div class=\"elementor-element elementor-element-1f74836 elementor-widget elementor-widget-heading\" data-id=\"1f74836\" data-element_type=\"widget\" data-e-type=\"widget\" data-widget_type=\"heading.default\">\n\t\t\t\t\t<h2 class=\"elementor-heading-title elementor-size-default\">Article 11 \u2013 Assembl\u00e9e G\u00e9n\u00e9rale<\/h2>\t\t\t\t<\/div>\n\t\t\t\t<div class=\"elementor-element elementor-element-a5622d1 elementor-widget elementor-widget-text-editor\" data-id=\"a5622d1\" data-element_type=\"widget\" data-e-type=\"widget\" data-widget_type=\"text-editor.default\">\n\t\t\t\t\t\t\t\t\t<p>L\u2019 Assembl\u00e9e G\u00e9n\u00e9rale Ordinaire comprend :<br \/>\u2013 les Membres Actifs<br \/>\u2013 les Membres Associ\u00e9s<br \/>\u2013 les Membres d\u2019Honneur<br \/>\u2013 les Membres Adh\u00e9rents<\/p><p>L\u2019 Assembl\u00e9e G\u00e9n\u00e9rale Ordinaire se r\u00e9unit une fois par an. La date et l\u2019ordre du jour sont fix\u00e9s par le CA.<\/p><p>Un mois au moins avant la date fix\u00e9e, les membres votant sont convoqu\u00e9s par les soins du Secr\u00e9taire par courrier \u00e9lectronique selon les proc\u00e9dures d\u00e9finies dans le R\u00e8glement Int\u00e9rieur. Simultan\u00e9ment une annonce est faite sur le site internet de l\u2019Association. L\u2019ordre du jour est envoy\u00e9 au moins 15 jours avant l\u2019Assembl\u00e9e G\u00e9n\u00e9rale.<\/p><p>Les d\u00e9cisions en assembl\u00e9e g\u00e9n\u00e9rale sont adopt\u00e9es si elles obtiennent simultan\u00e9ment la majorit\u00e9 absolue :<br \/>\u2013 d\u2019une part : des membres pr\u00e9sents OU repr\u00e9sent\u00e9s de l\u2019ensemble des membres votants confondus,<br \/>\u2013 d\u2019autre part : de celle des membres du coll\u00e8ge des membres actifs pr\u00e9sents et repr\u00e9sent\u00e9s.<\/p><p>Le Pr\u00e9sident, assist\u00e9 des membres du Conseil d\u2019Administration, pr\u00e9side l\u2019Assembl\u00e9e G\u00e9n\u00e9rale, et expose la situation morale de l\u2019Association.<\/p><p>Le Tr\u00e9sorier rend compte de sa gestion et soumet le bilan de l\u2019ann\u00e9e \u00e9coul\u00e9e et le budget de l\u2019ann\u00e9e \u00e0 venir \u00e0 l\u2019approbation de l\u2019 Assembl\u00e9e.<\/p><p>Il est proc\u00e9d\u00e9, apr\u00e8s \u00e9puisement de l\u2019ordre du jour, au remplacement, au scrutin secret, des membres du Conseil d\u2019 Administration sortants.<\/p><p>Ne devront \u00eatre trait\u00e9es, lors de l\u2019 Assembl\u00e9e G\u00e9n\u00e9rale, que les questions soumises \u00e0 l\u2019ordre du jour.<\/p><p>En cas de partage, la voix du pr\u00e9sident est pr\u00e9pond\u00e9rante.<\/p><p>Les personnes salari\u00e9es de l\u2019association peuvent \u00eatre invit\u00e9es aux r\u00e9unions d\u2019assembl\u00e9e g\u00e9n\u00e9rale avec une voix consultative.<\/p>\t\t\t\t\t\t\t\t<\/div>\n\t\t\t\t\t<\/div>\n\t\t\t\t<\/div>\n\t\t<div class=\"elementor-element elementor-element-cee6773 e-flex e-con-boxed e-con e-parent\" data-id=\"cee6773\" data-element_type=\"container\" data-e-type=\"container\" data-settings=\"{&quot;jet_parallax_layout_list&quot;:[]}\">\n\t\t\t\t\t<div class=\"e-con-inner\">\n\t\t\t\t<div class=\"elementor-element elementor-element-b038f71 elementor-widget elementor-widget-heading\" data-id=\"b038f71\" data-element_type=\"widget\" data-e-type=\"widget\" data-widget_type=\"heading.default\">\n\t\t\t\t\t<h2 class=\"elementor-heading-title elementor-size-default\">Article 12 \u2013 Assembl\u00e9e G\u00e9n\u00e9rale Extraordinaire<\/h2>\t\t\t\t<\/div>\n\t\t\t\t<div class=\"elementor-element elementor-element-61dc943 elementor-widget elementor-widget-text-editor\" data-id=\"61dc943\" data-element_type=\"widget\" data-e-type=\"widget\" data-widget_type=\"text-editor.default\">\n\t\t\t\t\t\t\t\t\t<p>\u2013 Si besoin est, ou sur la demande de la moiti\u00e9 plus un des membres votants ou du Coll\u00e8ge des Membres Actifs, le Pr\u00e9sident peut convoquer une Assembl\u00e9e G\u00e9n\u00e9rale Extraordinaire, suivant les formalit\u00e9s pr\u00e9vues par 1\u2019article 11.<\/p><p>\u2013 L\u2019Assembl\u00e9e G\u00e9n\u00e9rale Extraordinaire est seule habilit\u00e9e \u00e0 approuver les changements de statuts et \u00e0 prononcer la dissolution de l\u2019Association<\/p>\t\t\t\t\t\t\t\t<\/div>\n\t\t\t\t\t<\/div>\n\t\t\t\t<\/div>\n\t\t<div class=\"elementor-element elementor-element-ed74372 e-flex e-con-boxed e-con e-parent\" data-id=\"ed74372\" data-element_type=\"container\" data-e-type=\"container\" data-settings=\"{&quot;jet_parallax_layout_list&quot;:[]}\">\n\t\t\t\t\t<div class=\"e-con-inner\">\n\t\t\t\t<div class=\"elementor-element elementor-element-1f9963d elementor-widget elementor-widget-heading\" data-id=\"1f9963d\" data-element_type=\"widget\" data-e-type=\"widget\" data-widget_type=\"heading.default\">\n\t\t\t\t\t<h2 class=\"elementor-heading-title elementor-size-default\">Article 13 \u2013 R\u00e8glement int\u00e9rieur<\/h2>\t\t\t\t<\/div>\n\t\t\t\t<div class=\"elementor-element elementor-element-7424130 elementor-widget elementor-widget-text-editor\" data-id=\"7424130\" data-element_type=\"widget\" data-e-type=\"widget\" data-widget_type=\"text-editor.default\">\n\t\t\t\t\t\t\t\t\t<p>Le Conseil d\u2019Administration \u00e9tablit le r\u00e8glement int\u00e9rieur. Celui-ci entre imm\u00e9diatement en vigueur, mais doit \u00eatre ensuite approuv\u00e9 par vote lors de la prochaine Assembl\u00e9e G\u00e9n\u00e9rale.<\/p><p>Ce r\u00e8glement est destin\u00e9 \u00e0 fixer les divers points non pr\u00e9vus par les statuts.<\/p>\t\t\t\t\t\t\t\t<\/div>\n\t\t\t\t\t<\/div>\n\t\t\t\t<\/div>\n\t\t<div class=\"elementor-element elementor-element-b03d91b e-flex e-con-boxed e-con e-parent\" data-id=\"b03d91b\" data-element_type=\"container\" data-e-type=\"container\" data-settings=\"{&quot;jet_parallax_layout_list&quot;:[]}\">\n\t\t\t\t\t<div class=\"e-con-inner\">\n\t\t\t\t<div class=\"elementor-element elementor-element-eb622a8 elementor-widget elementor-widget-heading\" data-id=\"eb622a8\" data-element_type=\"widget\" data-e-type=\"widget\" data-widget_type=\"heading.default\">\n\t\t\t\t\t<h2 class=\"elementor-heading-title elementor-size-default\">Article 14 \u2013 Dissolution<\/h2>\t\t\t\t<\/div>\n\t\t\t\t<div class=\"elementor-element elementor-element-0637e2b elementor-widget elementor-widget-text-editor\" data-id=\"0637e2b\" data-element_type=\"widget\" data-e-type=\"widget\" data-widget_type=\"text-editor.default\">\n\t\t\t\t\t\t\t\t\t<div class=\"vc_row wpb_row vc_inner vc_row-fluid\"><div class=\"wpb_column vc_column_container vc_col-sm-12\"><div class=\"vc_column-inner\"><div class=\"wpb_wrapper\"><div class=\"wpb_text_column wpb_content_element vc_custom_1746808090027\"><div class=\"wpb_wrapper\"><p>En cas de dissolution de l\u2019Association prononc\u00e9e par les deux tiers au moins des membres votants et des membres votants du Coll\u00e8ge des Membres Actifs, un ou plusieurs liquidateurs sont nomm\u00e9s par celle-ci et l\u2019actif, s\u2019il y a lieu, est d\u00e9volu conform\u00e9ment l\u2019article 9 de la loi du 1er juillet 1901 et au d\u00e9cret du 16 ao\u00fbt 1901.<\/p><\/div><\/div><\/div><\/div><\/div><\/div><div class=\"vc_row wpb_row vc_inner vc_row-fluid vc_custom_1708968705070\">\u00a0<\/div><div class=\"vc_row wpb_row vc_inner vc_row-fluid vc_custom_1710453000627\"><div class=\"wpb_column vc_column_container vc_col-sm-12\"><div class=\"vc_column-inner\"><div class=\"wpb_wrapper\"><div class=\"wpb_text_column wpb_content_element\"><div class=\"wpb_wrapper\"><p>Les pr\u00e9sents statuts ont \u00e9t\u00e9 adopt\u00e9s \u00e0 l\u2019Assembl\u00e9e G\u00e9n\u00e9rale Extraordinaire qui s\u2019est tenue en visioconf\u00e9rence le dimanche 5 octobre 2025, sous la pr\u00e9sidence de Madame Maryline Guitton.<\/p><\/div><\/div><\/div><\/div><\/div><\/div>\t\t\t\t\t\t\t\t<\/div>\n\t\t\t\t\t<\/div>\n\t\t\t\t<\/div>\n\t\t<div class=\"elementor-element elementor-element-829af44 e-flex e-con-boxed e-con e-parent\" data-id=\"829af44\" data-element_type=\"container\" data-e-type=\"container\" data-settings=\"{&quot;jet_parallax_layout_list&quot;:[]}\">\n\t\t\t\t\t<div class=\"e-con-inner\">\n\t\t<div class=\"elementor-element elementor-element-6b42df6 e-con-full e-flex e-con e-child\" data-id=\"6b42df6\" data-element_type=\"container\" data-e-type=\"container\" data-settings=\"{&quot;background_background&quot;:&quot;classic&quot;,&quot;jet_parallax_layout_list&quot;:[]}\">\n\t\t\t\t<div class=\"elementor-element elementor-element-947b7ba elementor-widget elementor-widget-text-editor\" data-id=\"947b7ba\" data-element_type=\"widget\" data-e-type=\"widget\" data-widget_type=\"text-editor.default\">\n\t\t\t\t\t\t\t\t\t<p><strong>La Pr\u00e9sidente<\/strong><br \/>Paula Molinari<\/p>\t\t\t\t\t\t\t\t<\/div>\n\t\t\t\t<\/div>\n\t\t<div class=\"elementor-element elementor-element-019ad61 e-con-full e-flex e-con e-child\" data-id=\"019ad61\" data-element_type=\"container\" data-e-type=\"container\" data-settings=\"{&quot;background_background&quot;:&quot;classic&quot;,&quot;jet_parallax_layout_list&quot;:[]}\">\n\t\t\t\t<div class=\"elementor-element elementor-element-3ac0394 elementor-widget elementor-widget-text-editor\" data-id=\"3ac0394\" data-element_type=\"widget\" data-e-type=\"widget\" data-widget_type=\"text-editor.default\">\n\t\t\t\t\t\t\t\t\t<p><strong>La Tr\u00e9sori\u00e8re<\/strong><br \/>Monika Ehret<\/p>\t\t\t\t\t\t\t\t<\/div>\n\t\t\t\t<\/div>\n\t\t<div class=\"elementor-element elementor-element-e35dfdf e-con-full e-flex e-con e-child\" data-id=\"e35dfdf\" data-element_type=\"container\" data-e-type=\"container\" data-settings=\"{&quot;background_background&quot;:&quot;classic&quot;,&quot;jet_parallax_layout_list&quot;:[]}\">\n\t\t\t\t<div class=\"elementor-element elementor-element-dec7de8 elementor-widget elementor-widget-text-editor\" data-id=\"dec7de8\" data-element_type=\"widget\" data-e-type=\"widget\" data-widget_type=\"text-editor.default\">\n\t\t\t\t\t\t\t\t\t<p><strong>Le Secr\u00e9taire<\/strong><br \/>Douglas MacArthur<\/p>\t\t\t\t\t\t\t\t<\/div>\n\t\t\t\t<\/div>\n\t\t\t\t\t<\/div>\n\t\t\t\t<\/div>\n\t\t\t\t<\/div>\n\t\t","protected":false},"excerpt":{"rendered":"<p>Statuts Pr\u00e9ambule En 1974, le Roy Hart Theatre, troupe venue de Londres, s\u2019est install\u00e9 au Ch\u00e2teau de Mal\u00e9rargues. L\u2019association loi [&hellip;]<\/p>\n","protected":false},"author":4,"featured_media":0,"parent":0,"menu_order":39,"comment_status":"closed","ping_status":"closed","template":"elementor_theme","meta":{"site-sidebar-layout":"no-sidebar","site-content-layout":"","ast-site-content-layout":"full-width-container","site-content-style":"default","site-sidebar-style":"default","ast-global-header-display":"","ast-banner-title-visibility":"","ast-main-header-display":"","ast-hfb-above-header-display":"","ast-hfb-below-header-display":"","ast-hfb-mobile-header-display":"","site-post-title":"disabled","ast-breadcrumbs-content":"","ast-featured-img":"disabled","footer-sml-layout":"","ast-disable-related-posts":"","theme-transparent-header-meta":"","adv-header-id-meta":"","stick-header-meta":"","header-above-stick-meta":"","header-main-stick-meta":"","header-below-stick-meta":"","astra-migrate-meta-layouts":"default","ast-page-background-enabled":"default","ast-page-background-meta":{"desktop":{"background-color":"var(--ast-global-color-4)","background-image":"","background-repeat":"repeat","background-position":"center center","background-size":"auto","background-attachment":"scroll","background-type":"","background-media":"","overlay-type":"","overlay-color":"","overlay-opacity":"","overlay-gradient":""},"tablet":{"background-color":"","background-image":"","background-repeat":"repeat","background-position":"center center","background-size":"auto","background-attachment":"scroll","background-type":"","background-media":"","overlay-type":"","overlay-color":"","overlay-opacity":"","overlay-gradient":""},"mobile":{"background-color":"","background-image":"","background-repeat":"repeat","background-position":"center center","background-size":"auto","background-attachment":"scroll","background-type":"","background-media":"","overlay-type":"","overlay-color":"","overlay-opacity":"","overlay-gradient":""}},"ast-content-background-meta":{"desktop":{"background-color":"var(--ast-global-color-5)","background-image":"","background-repeat":"repeat","background-position":"center center","background-size":"auto","background-attachment":"scroll","background-type":"","background-media":"","overlay-type":"","overlay-color":"","overlay-opacity":"","overlay-gradient":""},"tablet":{"background-color":"var(--ast-global-color-5)","background-image":"","background-repeat":"repeat","background-position":"center center","background-size":"auto","background-attachment":"scroll","background-type":"","background-media":"","overlay-type":"","overlay-color":"","overlay-opacity":"","overlay-gradient":""},"mobile":{"background-color":"var(--ast-global-color-5)","background-image":"","background-repeat":"repeat","background-position":"center center","background-size":"auto","background-attachment":"scroll","background-type":"","background-media":"","overlay-type":"","overlay-color":"","overlay-opacity":"","overlay-gradient":""}},"_jet_sm_ready_style":"","_jet_sm_style":"","_jet_sm_controls_values":"","_jet_sm_fonts_collection":"","_jet_sm_fonts_links":"","footnotes":""},"class_list":["post-33634","page","type-page","status-publish","hentry"],"publishpress_future_workflow_manual_trigger":{"enabledWorkflows":[]},"_links":{"self":[{"href":"https:\/\/centreroyhart.org\/fr\/wp-json\/wp\/v2\/pages\/33634","targetHints":{"allow":["GET"]}}],"collection":[{"href":"https:\/\/centreroyhart.org\/fr\/wp-json\/wp\/v2\/pages"}],"about":[{"href":"https:\/\/centreroyhart.org\/fr\/wp-json\/wp\/v2\/types\/page"}],"author":[{"embeddable":true,"href":"https:\/\/centreroyhart.org\/fr\/wp-json\/wp\/v2\/users\/4"}],"replies":[{"embeddable":true,"href":"https:\/\/centreroyhart.org\/fr\/wp-json\/wp\/v2\/comments?post=33634"}],"version-history":[{"count":5,"href":"https:\/\/centreroyhart.org\/fr\/wp-json\/wp\/v2\/pages\/33634\/revisions"}],"predecessor-version":[{"id":42164,"href":"https:\/\/centreroyhart.org\/fr\/wp-json\/wp\/v2\/pages\/33634\/revisions\/42164"}],"wp:attachment":[{"href":"https:\/\/centreroyhart.org\/fr\/wp-json\/wp\/v2\/media?parent=33634"}],"curies":[{"name":"wp","href":"https:\/\/api.w.org\/{rel}","templated":true}]}}