{"id":16732,"date":"2025-01-15T16:48:30","date_gmt":"2025-01-15T16:48:30","guid":{"rendered":"https:\/\/centreroyhart.org\/?post_type=people&#038;p=16732"},"modified":"2025-01-17T16:28:54","modified_gmt":"2025-01-17T16:28:54","slug":"liza-mayer","status":"publish","type":"people","link":"https:\/\/centreroyhart.org\/fr\/personnes\/liza-mayer\/","title":{"rendered":"Liza Mayer"},"content":{"rendered":"\n<p>Liza nous a quitt\u00e9s dans la soir\u00e9e du mardi 8 d\u00e9cembre 2009. Elle est d\u00e9c\u00e9d\u00e9e paisiblement dans son appartement de Mal\u00e9rargues auquel elle \u00e9tait retourn\u00e9e le jour m\u00eame, de la clinique Bonnefon \u00e0 Al\u00e8s. Consciente que c\u2019\u00e9taient ses derniers jours, elle avait demand\u00e9 \u00e0 rentrer chez elle. Mardi midi elle est arriv\u00e9e pour voir le soleil, les arbres, ses amis, son appartement. Plus tard dans l\u2019apr\u00e8s-midi, elle s\u2019endormit peu \u00e0 peu et nous quitta.<\/p>\n\n\n\n<p>Notre perte et notre chagrin sont simplement infinis \u2013 pour toujours et non-finis. La fa\u00e7on dont elle a pr\u00e9sid\u00e9 PANTHEATRE \u2013 elle \u00e9tait notre pr\u00e9sidente \u2013 \u00e9tait tout simplement un plaisir, un plaisir rassurant, d\u00e9licieusement chaotique parfois, toujours une source d\u2019inspiration et d\u2019enthousiasme. On pourrait dire qu\u2019elle \u00e9tait notre muse-pr\u00e9sidente. Ce fut Liza aussi qui la premi\u00e8re m\u2019a fait remarquer Pan, dans les ann\u00e9es 70. Je pourrais retrouver les passages sp\u00e9cifiques d\u2019E.M. Foster (Passage to India?), de Laurence Durrel, de D.H. Lauwrence, et d\u2019autres auteurs dont nous parlions \u00e0 l\u2019\u00e9poque. C\u2019est aussi \u00e0 cette \u00e9poque que Liza m\u2019a achet\u00e9 The Dream and the Underworld (Le r\u00eave et les Enfers) de James Hillman, alors que je venais de d\u00e9couvrir son Pan et le Cauchemar, et Hermes et de ses Enfants de Rafael Lopez-Pedraza, les livres fondateurs de PANTHEATRE.<\/p>\n\n\n\n<p>Lors de la c\u00e9r\u00e9monie fun\u00e9raire \u00e0 Al\u00e8s, le vendredi 11 d\u00e9cembre, j\u2019ai parl\u00e9 de son amour de la tradition de Des jours et des Labours d\u2019H\u00e9siode, qui, \u00e0 bien des \u00e9gards, est une tradition d\u00e9m\u00e9t\u00e9rienne. Liza \u00e9tait D\u00e9m\u00e9ter. Elle a incarn\u00e9 la d\u00e9esse dans un spectacle intitul\u00e9 tout simplement D\u00e9m\u00e9ter et chant\u00e9 \u2013 c\u2019est inoubliable \u2013 ce qui pour beaucoup d\u2019entre nous reste la version \u00abdivine\u00bb de la berceuse flamenco de Falla&nbsp;: Duermete Lucerito. Haim Isaacs l\u2019a chant\u00e9e lors de la c\u00e9r\u00e9monie.<\/p>\n\n\n\n<p>Chaque fois que Liza allait faire une promenade elle revenait avec des tr\u00e8fles \u00e0 quatre feuilles. Le nom romain de D\u00e9m\u00e9ter est C\u00e9r\u00e8s, d\u00e9esse des c\u00e9r\u00e9ales et des \u00ab&nbsp;jours et labeurs&nbsp;\u00bb champ\u00eatres. Elle pr\u00e9sidait aux travaux journaliers, qu\u2019il s\u2019agisse des fruits de la r\u00e9colte ou de la fatigue du travail. Quand quelqu\u2019un travaillait dur pendant une r\u00e9colte, par exemple, il ou elle pouvait tout d\u2019un coup sentir une pr\u00e9sence \u00e0 proximit\u00e9, lever le regard et d\u00e9couvrir une dame magnifique au travail au sein de l\u2019\u00e9quipe. C\u2019\u00e9tait la d\u00e9esse elle-m\u00eame qui avait retrouss\u00e9 ses manches et travaillait en toute concentration. Plus tard, elle pouvait se joindre aux festivit\u00e9s, au vin, aux chants, aux causeries au coin du feu, ou \u00e0 un c\u00e2lin dans le foin \u2013 pourquoi pas! \u2013 pour ensuite s\u2019assoupir et s\u2019endormir paisiblement.<\/p>\n\n\n\n<p>Cette page (<a href=\"http:\/\/www.pantheatre.com\/1-liza.html\" target=\"_blank\" rel=\"noopener\">www.pantheatre.com\/1-liza.html<\/a>) est d\u00e9di\u00e9e \u00e0 la m\u00e9moire de Liza la divine. Elle inclut des extraits des nombreuses notes d\u2019adieu qu\u2019elle re\u00e7ut, ainsi que de photos, des \u00e9crits, peut-\u00eatre un extrait de D\u00e9m\u00e9ter et de sa voix qui chantait \u2026 \u00ab&nbsp;Duermete ni\u00f1o, duerme, duerme mi alma, Duermete Lucerito de la ma\u00f1ana&nbsp;\u00bb. (Dors, mon enfant, dors, dors mon \u00e2me, dors douce \u00e9toile du matin\u2026)<\/p>\n\n\n\n<p>Fais de beaux r\u00eaves Liza. Tu nous manqueras terriblement et nous ch\u00e9rirons ta m\u00e9moire avec amour.<\/p>\n\n\n\n<p>Mal\u00e9rargues, le 12 D\u00e9cembre, 2009.<br>Enrique<br>avec Linda, Natacha et les amis de Liza<\/p>\n","protected":false},"template":"","meta":{"site-sidebar-layout":"default","site-content-layout":"","ast-site-content-layout":"default","site-content-style":"default","site-sidebar-style":"default","ast-global-header-display":"","ast-banner-title-visibility":"","ast-main-header-display":"","ast-hfb-above-header-display":"","ast-hfb-below-header-display":"","ast-hfb-mobile-header-display":"","site-post-title":"","ast-breadcrumbs-content":"","ast-featured-img":"","footer-sml-layout":"","ast-disable-related-posts":"","theme-transparent-header-meta":"","adv-header-id-meta":"","stick-header-meta":"","header-above-stick-meta":"","header-main-stick-meta":"","header-below-stick-meta":"","astra-migrate-meta-layouts":"default","ast-page-background-enabled":"default","ast-page-background-meta":{"desktop":{"background-color":"var(--ast-global-color-4)","background-image":"","background-repeat":"repeat","background-position":"center center","background-size":"auto","background-attachment":"scroll","background-type":"","background-media":"","overlay-type":"","overlay-color":"","overlay-opacity":"","overlay-gradient":""},"tablet":{"background-color":"","background-image":"","background-repeat":"repeat","background-position":"center center","background-size":"auto","background-attachment":"scroll","background-type":"","background-media":"","overlay-type":"","overlay-color":"","overlay-opacity":"","overlay-gradient":""},"mobile":{"background-color":"","background-image":"","background-repeat":"repeat","background-position":"center center","background-size":"auto","background-attachment":"scroll","background-type":"","background-media":"","overlay-type":"","overlay-color":"","overlay-opacity":"","overlay-gradient":""}},"ast-content-background-meta":{"desktop":{"background-color":"var(--ast-global-color-5)","background-image":"","background-repeat":"repeat","background-position":"center center","background-size":"auto","background-attachment":"scroll","background-type":"","background-media":"","overlay-type":"","overlay-color":"","overlay-opacity":"","overlay-gradient":""},"tablet":{"background-color":"var(--ast-global-color-5)","background-image":"","background-repeat":"repeat","background-position":"center center","background-size":"auto","background-attachment":"scroll","background-type":"","background-media":"","overlay-type":"","overlay-color":"","overlay-opacity":"","overlay-gradient":""},"mobile":{"background-color":"var(--ast-global-color-5)","background-image":"","background-repeat":"repeat","background-position":"center center","background-size":"auto","background-attachment":"scroll","background-type":"","background-media":"","overlay-type":"","overlay-color":"","overlay-opacity":"","overlay-gradient":""}},"_jet_sm_ready_style":"","_jet_sm_style":"","_jet_sm_controls_values":"","_jet_sm_fonts_collection":"","_jet_sm_fonts_links":"","footnotes":""},"position":[252],"class_list":["post-16732","people","type-people","status-publish","hentry","position-in-memoriam-fr"],"publishpress_future_workflow_manual_trigger":{"enabledWorkflows":[]},"_links":{"self":[{"href":"https:\/\/centreroyhart.org\/fr\/wp-json\/wp\/v2\/people\/16732","targetHints":{"allow":["GET"]}}],"collection":[{"href":"https:\/\/centreroyhart.org\/fr\/wp-json\/wp\/v2\/people"}],"about":[{"href":"https:\/\/centreroyhart.org\/fr\/wp-json\/wp\/v2\/types\/people"}],"version-history":[{"count":4,"href":"https:\/\/centreroyhart.org\/fr\/wp-json\/wp\/v2\/people\/16732\/revisions"}],"predecessor-version":[{"id":17379,"href":"https:\/\/centreroyhart.org\/fr\/wp-json\/wp\/v2\/people\/16732\/revisions\/17379"}],"wp:attachment":[{"href":"https:\/\/centreroyhart.org\/fr\/wp-json\/wp\/v2\/media?parent=16732"}],"wp:term":[{"taxonomy":"position","embeddable":true,"href":"https:\/\/centreroyhart.org\/fr\/wp-json\/wp\/v2\/position?post=16732"}],"curies":[{"name":"wp","href":"https:\/\/api.w.org\/{rel}","templated":true}]}}