{"id":16776,"date":"2025-01-15T17:36:33","date_gmt":"2025-01-15T17:36:33","guid":{"rendered":"https:\/\/centreroyhart.org\/?post_type=people&#038;p=16776"},"modified":"2025-01-15T17:47:31","modified_gmt":"2025-01-15T17:47:31","slug":"marita-gunther","status":"publish","type":"people","link":"https:\/\/centreroyhart.org\/fr\/personnes\/marita-gunther\/","title":{"rendered":"Marita G\u00fcnther"},"content":{"rendered":"\n<p><strong>Par Susanne Weins<\/strong><\/p>\n\n\n\n<p>Marita G\u00fcnther est n\u00e9e le 15 septembre 1928 \u00e0 Leipzig et est d\u00e9c\u00e9d\u00e9e le 21 mai 2002, au nord de l\u2019Allemagne. Elle a pass\u00e9 la plus grande partie de son exceptionnelle vie en Angleterre et en France, puisqu\u2019elle a \u00e9t\u00e9 l\u2019une des premi\u00e8res disciples de la recherche d\u2019Alfred Wolfsohn autour de la \u2018Voix humaine\u2019.<br>M\u00eame si elle ne s\u2019imaginait jamais revoir l\u2019Allemagne ou parler allemand \u00e0 nouveau, son premier et son dernier souffle ont \u00e9t\u00e9 pris dans son \u2018Heimat\u2019. Ce terme allemand, pour lequel elle n\u2019arrivait \u00e0 trouver aucun \u00e9quivalent fran\u00e7ais ou anglais, r\u00e9f\u00e8re \u00e0 l\u2019id\u00e9e du \u2018foyer\u2019. Elle le citait souvent en exemple pour d\u00e9crire la profondeur des nuances et la richesse de la langue allemande. La d\u00e9licatesse de sa compr\u00e9hension et de son expression donnaient sens et chaleur au lexique allemand.<\/p>\n\n\n\n<p>Les exp\u00e9riences terrifiantes v\u00e9cues par Marita dans sa jeunesse, dans une Allemagne en pleine Deuxi\u00e8me Guerre mondiale, son exp\u00e9rience des atrocit\u00e9s d\u00e9coulant de la haine antis\u00e9mite, les politiques anti-intellectuelles et le d\u00e9veloppement culturel en Allemagne de l\u2019Est, par la suite, lui ont d\u00e9ni\u00e9 l\u2019espace de libert\u00e9 dont une jeune femme, avec sa profondeur d\u2019\u00e2me, son talent, sa sensibilit\u00e9 et sa grande humilit\u00e9, aurait eu besoin pour d\u00e9velopper son plein potentiel. Elle a donc d\u00e9cid\u00e9 de migrer vers l\u2019Angleterre pour \u00e9tudier la langue et la litt\u00e9rature.<\/p>\n\n\n\n<p>Comme elle le disait, cette d\u00e9cision s\u2019est av\u00e9r\u00e9e \u00eatre l\u2019un des points tournants les plus significatifs de sa vie. \u00c0 Londres, elle est entr\u00e9e en contact avec Alfred Wolfsohn, un cousin maternel au second degr\u00e9, dont la philosophie et les enseignements ont r\u00e9sonn\u00e9 si profond\u00e9ment en elle, qu\u2019elle a senti le besoin de le suivre, lui et son travail, qui sont devenus \u00e0 la fois les ancrages et amours de sa vie.<br>Il est possible d\u2019affirmer que Marita G\u00fcnther \u00e9tait l\u2019une des amies les plus proches d\u2019Alfred Wolfsohn et un t\u00e9moin privil\u00e9gi\u00e9 des d\u00e9veloppements importants survenus dans sa recherche, puisqu\u2019apr\u00e8s leur rencontre, elle ne l\u2019a plus quitt\u00e9, restant m\u00eame \u00e0 ses c\u00f4t\u00e9s pendant les ann\u00e9es marqu\u00e9es par la maladie qui l\u2019ont men\u00e9 \u00e0 la mort.<\/p>\n\n\n\n<p>Marita \u00e9tait absolument ravie d\u2019\u00eatre h\u00e9riti\u00e8re des manuscrits et \u00e9crits d\u2019Alfred Wolfsohn. Elle les consid\u00e9rait comme son tr\u00e9sor le plus cher, et tenait fermement \u00e0 publier les originaux ou les traductions qu\u2019elle en avait faites. Elle voulait les offrir au monde entier, pour qu\u2019il d\u00e9couvre la valeur et la beaut\u00e9 de l\u2019approche d\u2019Alfred Wolfsohn, qui posait la psych\u00e9 humaine comme source de la cr\u00e9ativit\u00e9 de l\u2019\u00eatre humain. Malheureusement, ce dessein n\u2019a pu \u00eatre accompli de son vivant, toutes ses tentatives ayant \u00e9chou\u00e9 par quelque malchance, ce qui l\u2019a fortement contrari\u00e9e, particuli\u00e8rement parce qu\u2019elle s\u2019en \u00e9tait fait une mission toute personnelle.<\/p>\n\n\n\n<p>Elle \u00e9tait une professeure s\u00e9rieuse, chaleureuse et pleine de sagesse, qui partageait sans r\u00e9serve avec ses \u00e9tudiants les id\u00e9es et exp\u00e9riences qu\u2019elle avait d\u00e9velopp\u00e9es au contact de Wolfsohn. M\u00eame si elle n\u2019a jamais elle-m\u00eame senti l\u2019impulsion de devenir actrice ou chanteuse, elle encourageait, orientait et appuyait tous ses \u00e9l\u00e8ves \u00e0 cro\u00eetre artistiquement, avec doigt\u00e9. Elle a aussi suivi le conseil de Wolfsohn \u00e0 propos de sa propre d\u00e9marche artistique : \u2018Le d\u00e9fi de faire en sorte que l\u2019impossible se r\u00e9alise, l\u2019image absurde de faire chanter une roche, m\u2019a accompagn\u00e9e jusqu\u2019\u00e0 ce que j\u2019accepte petit \u00e0 petit qu\u2019un certain talent artistique sommeillait en moi\u2019.<\/p>\n\n\n\n<p>C\u2019est peut-\u00eatre parce qu\u2019elle a emprunt\u00e9 un chemin si ardu dans la qu\u00eate et l\u2019expression de sa propre voix que Marita est devenue une professeure patiente et mature. Elle laissait chaque note grandir et prendre une signification personnelle. Sa sp\u00e9cialit\u00e9 \u00e9tait sans doute sa capacit\u00e9 \u00e0 \u00e9purer un son jusqu\u2019\u00e0 sa plus simple expression, jusqu\u2019\u00e0 ce qu\u2019il fonde, se casse et renaisse ensuite dans toute son ampleur. Marita n\u2019\u00e9tait pas int\u00e9ress\u00e9e par ce qui \u00e9tait superficiel dans la performance; elle rep\u00e9rait imm\u00e9diatement ce qui \u00e9tait faux, et comprenait les raisons motivant cette dissimulation ou cette lutte. Elle utilisait alors sa main de fer dans un gant de velours pour que l\u2019\u00e2me reprenne son caract\u00e8re d\u2019auto-responsabilit\u00e9 et de cr\u00e9ativit\u00e9.<\/p>\n\n\n\n<p>Mais, dans tout ce que Marita d\u00e9gageait et partageait, son trait de personnalit\u00e9 le plus beau \u00e9tait sa chaleur et sa compr\u00e9hension bienveillante et profonde de la condition humaine et du potentiel cr\u00e9atif du c\u0153ur et de l\u2019\u00e2me. Toutes ses conceptions intellectuelles et son approche de l\u2019\u00e9criture, des textes de chansons, de la biographie, des mythes, de la psychologie et de la philosophie \u00e9taient en lien direct avec sa mani\u00e8re d\u2019aborder le d\u00e9veloppement de l\u2019expression vocale.<br>Je la cite ici \u00e0 ce propos: \u2018Les ann\u00e9es pass\u00e9es \u00e0 me d\u00e9mener pour arriver \u00e0 chanter m\u2019ont dirig\u00e9e vers une autre des maximes pr\u00e9f\u00e9r\u00e9es d\u2019Awe : \u2018<em>Chanter signifie apprendre \u00e0 aimer\u2019<\/em>\u2026 Je constate que ma capacit\u00e9 \u00e0 aimer commence \u00e0 se teinter d\u2019une autre qualit\u00e9, plus profonde. Elle est ancr\u00e9e dans la somme de mes exp\u00e9riences de vie. Par l\u2019entremise de mon enseignement, j\u2019ai d\u00e9velopp\u00e9 plusieurs merveilleuses amiti\u00e9s\u2026 qui, le plus souvent, ont \u00e9volu\u00e9 vers un r\u00e9el attachement personnel.\u2019<\/p>\n\n\n\n<p>Marita adorait \u00e9crire et tous ses journaux personnels, ses lettres imagin\u00e9es \u00e0 Alfred Wolfsohn, ses nouvelles sont une d\u00e9monstration du dialogue int\u00e9rieur qu\u2019elle entretenait en permanence avec son bien-aim\u00e9 parent, professeur et ami. Elle \u00e9tait absolument persuad\u00e9e de la justesse de la conception de la voix de Wolfsohn et l\u2019a anim\u00e9e, d\u00e9velopp\u00e9e et enrichie de sa propre po\u00e9sie et exp\u00e9rience de vie, dans laquelle sa fa\u00e7on d\u2019aimer (avec une touche typique de s\u00e9v\u00e9rit\u00e9 allemande) a pris la forme d\u2019une attitude charmante.<\/p>\n\n\n\n<p>Finalement, et avec un talent certain, elle est parvenue \u00e0 toucher au jeu d\u2019acteur. Dans \u2018Le roi se meurt\u2019, mis en sc\u00e8ne par Johannes et Rafael, elle a tenu les r\u00f4les de la jeune et de la vieille reine, ce qu\u2019elle a beaucoup aim\u00e9 : \u2018J\u2019ai trouv\u00e9 que le processus en a valu la peine, qu\u2019il a \u00e9t\u00e9 tout \u00e0 fait satisfaisant. J\u2019ai eu du plaisir \u00e0 jouer les deux r\u00f4les. Toutefois, je dois avouer que c\u2019est la jeune reine, la reine Marie, qui m\u2019a plu davantage et qui m\u2019a donn\u00e9 le plus de d\u00e9fi. Apr\u00e8s tout, dans les ann\u00e9es 80, j\u2019\u00e9tais dans la cinquantaine avanc\u00e9e et, pour incarner un personnage immature, enjou\u00e9 et profond\u00e9ment amoureux, j\u2019ai d\u00fb puiser dans mes ressources jusque-l\u00e0 inexploit\u00e9es. La jeune Marita, dans la vraie vie, n\u2019avait pas eu la possibilit\u00e9 de vivre ces sentiments. C\u2019\u00e9tait donc l\u2019opportunit\u00e9 pour moi de les extraire de moi, tout en \u00e9tant bien dirig\u00e9e dans le processus\u2026 L\u2019effet que \u00e7a a eu sur moi a \u00e9t\u00e9 tripartite : croissance artistique, enrichissement \u00e9motionnel et changement physiologique. J\u2019ai commenc\u00e9 \u00e0 me sentir plus jeune, et m\u00eame \u00e0 para\u00eetre plus jeune \u2013 une transformation visible.\u2019<\/p>\n\n\n\n<p>\u00c0 70 ans, elle a r\u00e9alis\u00e9 un autre r\u00eave et d\u00e9sir d\u2019enfance, en s\u2019inscrivant \u00e0 l\u2019Universit\u00e9 d\u2019Hanovre en litt\u00e9rature allemande! \u00c0 cette \u00e9poque, elle a non seulement sembl\u00e9 rajeunir mais son \u00e2me et sa pr\u00e9sence se sont mises \u00e0 s\u2019\u00e9panouir dans toute leur beaut\u00e9. Elle avait m\u00eame pr\u00e9vu donner un petit concert pour son 75e anniversaire. Je me souviens que Rossignol l\u2019a joyeusement qualifi\u00e9e de \u2018vieille mais florissante jeune \u00e9tudiante\u2019. Nous sentions tous que ce changement constituait une \u00e9tape essentielle pour le plein accomplissement de la vie de Marita.<\/p>\n\n\n\n<p>Le d\u00e9c\u00e8s subit de Marita, encore si jeune, a \u00e9t\u00e9 une perte immense pour tous ses amis. Toutefois, tout le monde \u00e9tait convaincu qu\u2019elle avait v\u00e9cu une vie bien remplie, pas toujours facile, mais qu\u2019elle avait su voir tous les d\u00e9fis comme des occasions de grandir. Elle est morte en pr\u00e9sence d\u2019un de ses plus chers amis. Elle a dit, dans l\u2019un de ses derniers \u00e9crits : \u2018La maxime pr\u00e9f\u00e9r\u00e9e d\u2019Awe s\u2019est, dans mon cas, pleinement r\u00e9alis\u00e9e : \u2018<em>Pour aimer la vie dans son enti\u00e8ret\u00e9, il faut comprendre et inclure son autre c\u00f4t\u00e9, celui de la mort et de la souffrance.<\/em>\u2019 C\u2019est ce que je veux dire quand je r\u00e9p\u00e8te : je souhaite \u00e0 tous ceux que j\u2019aime de vivre des exp\u00e9riences profondes et difficiles, pour qu\u2019ils soient oblig\u00e9s d\u2019explorer les profondeurs de leur propre psych\u00e9.\u2019<\/p>\n\n\n\n<p>Merci, Marita, d\u2019avoir partag\u00e9 si g\u00e9n\u00e9reusement avec nous ta profonde sagesse! Elle continue de r\u00e9sonner, et de r\u00e9sonner\u2026 Tout de m\u00eame, j\u2019aimerais parfois pouvoir m\u2019asseoir avec toi, un bon matin, pour un caf\u00e9 et une cigarette, en \u00e9coutant tes conseils si justes et si pr\u00e9cieux.<\/p>\n","protected":false},"template":"","meta":{"site-sidebar-layout":"default","site-content-layout":"","ast-site-content-layout":"default","site-content-style":"default","site-sidebar-style":"default","ast-global-header-display":"","ast-banner-title-visibility":"","ast-main-header-display":"","ast-hfb-above-header-display":"","ast-hfb-below-header-display":"","ast-hfb-mobile-header-display":"","site-post-title":"","ast-breadcrumbs-content":"","ast-featured-img":"","footer-sml-layout":"","ast-disable-related-posts":"","theme-transparent-header-meta":"","adv-header-id-meta":"","stick-header-meta":"","header-above-stick-meta":"","header-main-stick-meta":"","header-below-stick-meta":"","astra-migrate-meta-layouts":"default","ast-page-background-enabled":"default","ast-page-background-meta":{"desktop":{"background-color":"var(--ast-global-color-4)","background-image":"","background-repeat":"repeat","background-position":"center center","background-size":"auto","background-attachment":"scroll","background-type":"","background-media":"","overlay-type":"","overlay-color":"","overlay-opacity":"","overlay-gradient":""},"tablet":{"background-color":"","background-image":"","background-repeat":"repeat","background-position":"center center","background-size":"auto","background-attachment":"scroll","background-type":"","background-media":"","overlay-type":"","overlay-color":"","overlay-opacity":"","overlay-gradient":""},"mobile":{"background-color":"","background-image":"","background-repeat":"repeat","background-position":"center center","background-size":"auto","background-attachment":"scroll","background-type":"","background-media":"","overlay-type":"","overlay-color":"","overlay-opacity":"","overlay-gradient":""}},"ast-content-background-meta":{"desktop":{"background-color":"var(--ast-global-color-5)","background-image":"","background-repeat":"repeat","background-position":"center center","background-size":"auto","background-attachment":"scroll","background-type":"","background-media":"","overlay-type":"","overlay-color":"","overlay-opacity":"","overlay-gradient":""},"tablet":{"background-color":"var(--ast-global-color-5)","background-image":"","background-repeat":"repeat","background-position":"center center","background-size":"auto","background-attachment":"scroll","background-type":"","background-media":"","overlay-type":"","overlay-color":"","overlay-opacity":"","overlay-gradient":""},"mobile":{"background-color":"var(--ast-global-color-5)","background-image":"","background-repeat":"repeat","background-position":"center center","background-size":"auto","background-attachment":"scroll","background-type":"","background-media":"","overlay-type":"","overlay-color":"","overlay-opacity":"","overlay-gradient":""}},"_jet_sm_ready_style":"","_jet_sm_style":"","_jet_sm_controls_values":"","_jet_sm_fonts_collection":"","_jet_sm_fonts_links":"","footnotes":""},"position":[252],"class_list":["post-16776","people","type-people","status-publish","hentry","position-in-memoriam-fr"],"publishpress_future_workflow_manual_trigger":{"enabledWorkflows":[]},"_links":{"self":[{"href":"https:\/\/centreroyhart.org\/fr\/wp-json\/wp\/v2\/people\/16776","targetHints":{"allow":["GET"]}}],"collection":[{"href":"https:\/\/centreroyhart.org\/fr\/wp-json\/wp\/v2\/people"}],"about":[{"href":"https:\/\/centreroyhart.org\/fr\/wp-json\/wp\/v2\/types\/people"}],"version-history":[{"count":4,"href":"https:\/\/centreroyhart.org\/fr\/wp-json\/wp\/v2\/people\/16776\/revisions"}],"predecessor-version":[{"id":16781,"href":"https:\/\/centreroyhart.org\/fr\/wp-json\/wp\/v2\/people\/16776\/revisions\/16781"}],"wp:attachment":[{"href":"https:\/\/centreroyhart.org\/fr\/wp-json\/wp\/v2\/media?parent=16776"}],"wp:term":[{"taxonomy":"position","embeddable":true,"href":"https:\/\/centreroyhart.org\/fr\/wp-json\/wp\/v2\/position?post=16776"}],"curies":[{"name":"wp","href":"https:\/\/api.w.org\/{rel}","templated":true}]}}