{"id":38116,"date":"2026-03-05T09:20:19","date_gmt":"2026-03-05T09:20:19","guid":{"rendered":"https:\/\/centreroyhart.org\/?post_type=teachers&#038;p=38116"},"modified":"2026-03-05T09:20:20","modified_gmt":"2026-03-05T09:20:20","slug":"taconet-veronique","status":"publish","type":"teachers","link":"https:\/\/centreroyhart.org\/fr\/professeurs\/taconet-veronique\/","title":{"rendered":"Taconet V\u00e9ronique"},"content":{"rendered":"\n<p>Elle d\u00e9marre son parcours artistique en 1976 avec une compagnie de th\u00e9\u00e2tre de mouvement, puis se tourne vers l\u2019art de l\u2019acteur, la mise en sc\u00e8ne, la danse buto\u2026 Particuli\u00e8rement inspir\u00e9e au fil de cette p\u00e9riode par des personnalit\u00e9s et les aventures collectives men\u00e9es par Peter Brook, Jerzy Grotowski, Tanaka Min\u2026 avec qui elle travaille ou avec certains de leurs collaborateurs. &nbsp;En 1987, elle rencontre le Roy Hart Th\u00e9\u00e2tre et participe aux cr\u00e9ations et projet de recherche de la compagnie Panth\u00e9\u00e2tre de 1988 \u00e0 1992.<\/p>\n\n\n\n<p>Par la suite, tout en restant actrice pour d\u2019autres compagnies, elle monte sa propre compagnie, \u201cle th\u00e9\u00e2tre Chacun\u201c pour permettre l\u2019expression de la singularit\u00e9 de chacun-e.<\/p>\n\n\n\n<p>Devenir m\u00e8re a aiguis\u00e9 sa r\u00e9flexion sur l\u2019importance d\u2019int\u00e9grer ces d\u00e9marches artistiques au c\u0153ur du quotidien et d\u2019y insuffler des aventures multig\u00e9n\u00e9rationnelles. Ainsi est n\u00e9e \u00ab&nbsp;L\u2019atelier&nbsp;\u00bb, une association de quartier g\u00e9n\u00e9ratrice d\u2019\u00e9v\u00e9nements&nbsp;: carnaval annuel, atelier cr\u00e9atif hebdomadaire, th\u00e9\u00e2tre en jardin etc\u2026<\/p>\n\n\n\n<p>Aujourd\u2019hui au Centre Voix Roy Hart, elle invite chacun \u00e0 tracer sa voie en explorant sa voix, au c\u0153ur de son intime, du son intime\u2026<\/p>\n\n\n\n<p>V\u00e9ronique Taconet s\u2019est form\u00e9e avec Enrique Pardo, Liza Mayer, Linda Wise, Jonathan Hart Makwaia, Carol Mendelsohn, Saule Ryan, Edda Heeg.<br>Elle parle fran\u00e7ais, anglais<\/p>\n\n\n\n<p><strong>Contact :<br><\/strong><a href=\"mailto:vtaconet@gmail.com\">vtaconet@gmail.com<\/a><\/p>\n\n\n\n<p><\/p>\n","protected":false},"template":"","meta":{"site-sidebar-layout":"default","site-content-layout":"","ast-site-content-layout":"default","site-content-style":"default","site-sidebar-style":"default","ast-global-header-display":"","ast-banner-title-visibility":"","ast-main-header-display":"","ast-hfb-above-header-display":"","ast-hfb-below-header-display":"","ast-hfb-mobile-header-display":"","site-post-title":"","ast-breadcrumbs-content":"","ast-featured-img":"","footer-sml-layout":"","ast-disable-related-posts":"","theme-transparent-header-meta":"","adv-header-id-meta":"","stick-header-meta":"","header-above-stick-meta":"","header-main-stick-meta":"","header-below-stick-meta":"","astra-migrate-meta-layouts":"default","ast-page-background-enabled":"default","ast-page-background-meta":{"desktop":{"background-color":"var(--ast-global-color-4)","background-image":"","background-repeat":"repeat","background-position":"center center","background-size":"auto","background-attachment":"scroll","background-type":"","background-media":"","overlay-type":"","overlay-color":"","overlay-opacity":"","overlay-gradient":""},"tablet":{"background-color":"","background-image":"","background-repeat":"repeat","background-position":"center center","background-size":"auto","background-attachment":"scroll","background-type":"","background-media":"","overlay-type":"","overlay-color":"","overlay-opacity":"","overlay-gradient":""},"mobile":{"background-color":"","background-image":"","background-repeat":"repeat","background-position":"center center","background-size":"auto","background-attachment":"scroll","background-type":"","background-media":"","overlay-type":"","overlay-color":"","overlay-opacity":"","overlay-gradient":""}},"ast-content-background-meta":{"desktop":{"background-color":"var(--ast-global-color-5)","background-image":"","background-repeat":"repeat","background-position":"center center","background-size":"auto","background-attachment":"scroll","background-type":"","background-media":"","overlay-type":"","overlay-color":"","overlay-opacity":"","overlay-gradient":""},"tablet":{"background-color":"var(--ast-global-color-5)","background-image":"","background-repeat":"repeat","background-position":"center center","background-size":"auto","background-attachment":"scroll","background-type":"","background-media":"","overlay-type":"","overlay-color":"","overlay-opacity":"","overlay-gradient":""},"mobile":{"background-color":"var(--ast-global-color-5)","background-image":"","background-repeat":"repeat","background-position":"center center","background-size":"auto","background-attachment":"scroll","background-type":"","background-media":"","overlay-type":"","overlay-color":"","overlay-opacity":"","overlay-gradient":""}},"_jet_sm_ready_style":"","_jet_sm_style":"","_jet_sm_controls_values":"","_jet_sm_fonts_collection":"","_jet_sm_fonts_links":"","footnotes":""},"spoken-language":[149,150],"country":[119],"teacher-status":[74],"class_list":["post-38116","teachers","type-teachers","status-publish","hentry","spoken-language-anglais","spoken-language-francais","country-france-fr","teacher-status-professeur-roy-hart"],"publishpress_future_workflow_manual_trigger":{"enabledWorkflows":[]},"_links":{"self":[{"href":"https:\/\/centreroyhart.org\/fr\/wp-json\/wp\/v2\/teachers\/38116","targetHints":{"allow":["GET"]}}],"collection":[{"href":"https:\/\/centreroyhart.org\/fr\/wp-json\/wp\/v2\/teachers"}],"about":[{"href":"https:\/\/centreroyhart.org\/fr\/wp-json\/wp\/v2\/types\/teachers"}],"version-history":[{"count":2,"href":"https:\/\/centreroyhart.org\/fr\/wp-json\/wp\/v2\/teachers\/38116\/revisions"}],"predecessor-version":[{"id":38120,"href":"https:\/\/centreroyhart.org\/fr\/wp-json\/wp\/v2\/teachers\/38116\/revisions\/38120"}],"wp:attachment":[{"href":"https:\/\/centreroyhart.org\/fr\/wp-json\/wp\/v2\/media?parent=38116"}],"wp:term":[{"taxonomy":"spoken-language","embeddable":true,"href":"https:\/\/centreroyhart.org\/fr\/wp-json\/wp\/v2\/spoken-language?post=38116"},{"taxonomy":"country","embeddable":true,"href":"https:\/\/centreroyhart.org\/fr\/wp-json\/wp\/v2\/country?post=38116"},{"taxonomy":"teacher-status","embeddable":true,"href":"https:\/\/centreroyhart.org\/fr\/wp-json\/wp\/v2\/teacher-status?post=38116"}],"curies":[{"name":"wp","href":"https:\/\/api.w.org\/{rel}","templated":true}]}}