{"id":5257,"date":"2024-10-29T15:11:48","date_gmt":"2024-10-29T15:11:48","guid":{"rendered":"https:\/\/centreroyhart.org\/?post_type=teachers&#038;p=5257"},"modified":"2026-03-04T20:17:34","modified_gmt":"2026-03-04T20:17:34","slug":"natacha-crawford","status":"publish","type":"teachers","link":"https:\/\/centreroyhart.org\/fr\/professeurs\/natacha-crawford\/","title":{"rendered":"Crawford Natacha"},"content":{"rendered":"\n<p>Fille de deux membres fondateurs du Roy Hart Theatre, sa relation avec la voix et le chant est inh\u00e9rente \u00e0 ses racines multiculturelles et artistiques, et il lui est impossible de ne pas consid\u00e9rer la voix d\u2019un point de vue pluridisciplinaire. Sa formation a \u00e9t\u00e9 constamment enrichie par l\u2019enseignement d\u2019enseignants exceptionnels (chanteuse classique Hindoustani, Dr. Prabha Atre), par la pratique du yoga et de la m\u00e9ditation, ainsi que par des projets musicaux, p\u00e9dagogiques et th\u00e9rapeutiques. Actuellement bas\u00e9e \u00e0 Madrid, elle collabore avec le groupe de voix a capella&nbsp;<em>Las Voces del M\u00e1s Ac\u00e1<\/em>, chante avec le choeur de chambre du Molino de Santa Isabel et dirige le choeur amateur du Molino de Las Letras. Elle dirige depuis trois ans le choeur de femmes&nbsp;<em>Las chicas de Korasa<\/em>&nbsp;et a cofond\u00e9 en 2017 avec la th\u00e9rapeute Gestalt Carine Bizot l\u2019atelier d\u2019exploration vocale&nbsp;<em>Territorios de la Voz<\/em>. Elle enseigne le cours hebdomadaire \u00ab&nbsp;Nous pouvons toutes chanter&nbsp;\u00bb \u00e0 la Fondation Entred\u00f3s, fait partie de l\u2019\u00e9quipe&nbsp;<em>Diario Vivo<\/em>&nbsp;et travaille en tant que consultante vocale dans le cadre de programmes de formation au leadership conscient.<\/p>\n\n\n\n<p>Processus d\u2019autor\u00e9flexion dans le travail vocal (Master en \u00c9tudes artistiques, litt\u00e9raires et culturelles de l\u2019Universit\u00e9 Aut\u00f3noma de Madrid), jazz et chant moderne (Bachelor of Music du Conservatoire Royal de La Haye), piano classique, th\u00e9orie de la musique, danse contemporaine et danse classique (dipl\u00f4mes de Fin d\u2019\u00c9tudes du Conservatoire Mozart, Paris). Elle \u00e9tudie actuellement la direction de choeur \u00e0 l\u2019Universit\u00e9 Carlos III sous la tutelle de Nuria Fern\u00e1ndez Herranz.<\/p>\n\n\n\n<p><strong>Contact :<\/strong><\/p>\n\n\n\n<p style=\"margin-left:var(--wp--preset--spacing--30)\">Mail : <a href=\"mailto:natachacrawford@gmail.com\">natachacrawford@gmail.com<\/a><br>Site web :\u00a0<a href=\"http:\/\/www.natachacrawford.com\/\" target=\"_blank\" rel=\"noopener\">natachacrawford.com<\/a><\/p>\n","protected":false},"template":"","meta":{"site-sidebar-layout":"default","site-content-layout":"","ast-site-content-layout":"default","site-content-style":"default","site-sidebar-style":"default","ast-global-header-display":"","ast-banner-title-visibility":"","ast-main-header-display":"","ast-hfb-above-header-display":"","ast-hfb-below-header-display":"","ast-hfb-mobile-header-display":"","site-post-title":"","ast-breadcrumbs-content":"","ast-featured-img":"","footer-sml-layout":"","ast-disable-related-posts":"","theme-transparent-header-meta":"","adv-header-id-meta":"","stick-header-meta":"","header-above-stick-meta":"","header-main-stick-meta":"","header-below-stick-meta":"","astra-migrate-meta-layouts":"default","ast-page-background-enabled":"default","ast-page-background-meta":{"desktop":{"background-color":"var(--ast-global-color-4)","background-image":"","background-repeat":"repeat","background-position":"center center","background-size":"auto","background-attachment":"scroll","background-type":"","background-media":"","overlay-type":"","overlay-color":"","overlay-opacity":"","overlay-gradient":""},"tablet":{"background-color":"","background-image":"","background-repeat":"repeat","background-position":"center center","background-size":"auto","background-attachment":"scroll","background-type":"","background-media":"","overlay-type":"","overlay-color":"","overlay-opacity":"","overlay-gradient":""},"mobile":{"background-color":"","background-image":"","background-repeat":"repeat","background-position":"center center","background-size":"auto","background-attachment":"scroll","background-type":"","background-media":"","overlay-type":"","overlay-color":"","overlay-opacity":"","overlay-gradient":""}},"ast-content-background-meta":{"desktop":{"background-color":"var(--ast-global-color-5)","background-image":"","background-repeat":"repeat","background-position":"center center","background-size":"auto","background-attachment":"scroll","background-type":"","background-media":"","overlay-type":"","overlay-color":"","overlay-opacity":"","overlay-gradient":""},"tablet":{"background-color":"var(--ast-global-color-5)","background-image":"","background-repeat":"repeat","background-position":"center center","background-size":"auto","background-attachment":"scroll","background-type":"","background-media":"","overlay-type":"","overlay-color":"","overlay-opacity":"","overlay-gradient":""},"mobile":{"background-color":"var(--ast-global-color-5)","background-image":"","background-repeat":"repeat","background-position":"center center","background-size":"auto","background-attachment":"scroll","background-type":"","background-media":"","overlay-type":"","overlay-color":"","overlay-opacity":"","overlay-gradient":""}},"_jet_sm_ready_style":"","_jet_sm_style":"","_jet_sm_controls_values":"","_jet_sm_fonts_collection":"","_jet_sm_fonts_links":"","footnotes":""},"spoken-language":[],"country":[129],"teacher-status":[75],"class_list":["post-5257","teachers","type-teachers","status-publish","hentry","country-espagne","teacher-status-professeur-invite"],"publishpress_future_workflow_manual_trigger":{"enabledWorkflows":[]},"_links":{"self":[{"href":"https:\/\/centreroyhart.org\/fr\/wp-json\/wp\/v2\/teachers\/5257","targetHints":{"allow":["GET"]}}],"collection":[{"href":"https:\/\/centreroyhart.org\/fr\/wp-json\/wp\/v2\/teachers"}],"about":[{"href":"https:\/\/centreroyhart.org\/fr\/wp-json\/wp\/v2\/types\/teachers"}],"version-history":[{"count":5,"href":"https:\/\/centreroyhart.org\/fr\/wp-json\/wp\/v2\/teachers\/5257\/revisions"}],"predecessor-version":[{"id":34830,"href":"https:\/\/centreroyhart.org\/fr\/wp-json\/wp\/v2\/teachers\/5257\/revisions\/34830"}],"wp:attachment":[{"href":"https:\/\/centreroyhart.org\/fr\/wp-json\/wp\/v2\/media?parent=5257"}],"wp:term":[{"taxonomy":"spoken-language","embeddable":true,"href":"https:\/\/centreroyhart.org\/fr\/wp-json\/wp\/v2\/spoken-language?post=5257"},{"taxonomy":"country","embeddable":true,"href":"https:\/\/centreroyhart.org\/fr\/wp-json\/wp\/v2\/country?post=5257"},{"taxonomy":"teacher-status","embeddable":true,"href":"https:\/\/centreroyhart.org\/fr\/wp-json\/wp\/v2\/teacher-status?post=5257"}],"curies":[{"name":"wp","href":"https:\/\/api.w.org\/{rel}","templated":true}]}}