{"id":6868,"date":"2024-11-04T16:41:57","date_gmt":"2024-11-04T16:41:57","guid":{"rendered":"https:\/\/centreroyhart.org\/?post_type=teachers&#038;p=6868"},"modified":"2026-03-04T19:47:56","modified_gmt":"2026-03-04T19:47:56","slug":"anne-sophie-masson","status":"publish","type":"teachers","link":"https:\/\/centreroyhart.org\/fr\/professeurs\/anne-sophie-masson\/","title":{"rendered":"Masson Anne-Sophie"},"content":{"rendered":"\n<p><strong>Anne Sophie Masson<\/strong>\u00a0est n\u00e9 en France en 1974. Elle passe son enfance en Normandie o\u00f9 elle fait de l\u2019\u00e9quitation, de la danse classique, du judo, de la planche \u00e0 voile durant les temps hors scolaire. A 18 ans, elle part dans la rue avec une percussion puis un accord\u00e9on diatonique et la voix.<\/p>\n\n\n\n<p>Autodidacte, elle se forme \u00e9pisodiquement au Roy-Hart Th\u00e9\u00e2tre depuis 1999. Elle travaille dans une compagnie de th\u00e9\u00e2tre \u00e0 Al\u00e8s o\u00f9 elle monte diff\u00e9rents spectacles tous publics. Elle monte une compagnie dans un collectif \u00ab\u00a0Les Orifices\u00a0\u00bb dans les ann\u00e9es 2000 puis un duo de Chansons Fran\u00e7aises sensuel et humoristique qui tournera une dizaine d\u2019ann\u00e9es \u00ab\u00a0Les Tzigales\u00a0\u00bb. <\/p>\n\n\n\n<p>En 2013, elle participe \u00e0 plusieurs longs stages avec le Roy-Hart et commence \u00e0 enseigner le chant en parall\u00e8le. A la m\u00eame \u00e9poque, elle rencontre un conteur, Olivier Sessa, avec qui elle cr\u00e9e des spectacles en duo \u00ab\u00a0Le Mouflet\u00a0\u00bb , \u00ab\u00a0Corbac\u00a0\u00bb et \u00ab\u00a0Terre Promise\u00a0\u00bb ainsi qu\u2019une balade cont\u00e9e et musicale tous publics. Elle l\u2019accompagne en chant, musique, bruitage. Elle monte un solo conte en chanson tir\u00e9 du livre de L\u00e9o Lionni \u00ab\u00a0Petit bleu et Petit Jaune\u00a0\u00bb. Cr\u00e9\u00e9 2 groupes de musique avec ses compositions. <\/p>\n\n\n\n<p>En 2017, elle h\u00e9rite de l\u2019orgue de barbarie d\u2019Astrid Julien de \u00ab\u00a0Barbare en tout orgue\u00a0\u00bb. Elle est intermittente du spectacle et \u00e0 ce jour souvent sur les routes et dans les rues, les \u00e9coles, les maisons de retraite, les offices, les centres handicap\u00e9s chez les particuliers avec toujours plus de joie et de maturit\u00e9 pour vous enchanter. <\/p>\n\n\n\n<p>Elle enseigne la voix et le rythme depuis une dizaine d\u2019ann\u00e9es. Elle aime par-dessus tout l\u2019improvisation. Elle joue du N\u2019goni, de la darbouka, de l\u2019accord\u00e9on diatonique et fabrique des instruments de musique. Pour elle il y a autant de voix que d\u2019\u00e9toile dans le ciel\u2026<\/p>\n\n\n\n<p>A travaill\u00e9 avec Saule Ryan, Carol Mendelsohn, David Goldsworthy et Marianne Le Tron<\/p>\n\n\n\n<p>Elle parle Francais et Anglais.<\/p>\n\n\n\n<h4 class=\"wp-block-heading\">Contact<\/h4>\n\n\n\n<p>Adresse Mail:&nbsp;<a href=\"mailto:annesophiemasson@yahoo.fr\">annesophiemasson@yahoo.fr<\/a><br>Site Web:&nbsp;<a href=\"http:\/\/www.cieboldair.fr\/\" target=\"_blank\" rel=\"noopener\">www.cieboldair.fr<\/a><\/p>\n","protected":false},"template":"","meta":{"site-sidebar-layout":"default","site-content-layout":"","ast-site-content-layout":"default","site-content-style":"default","site-sidebar-style":"default","ast-global-header-display":"","ast-banner-title-visibility":"","ast-main-header-display":"","ast-hfb-above-header-display":"","ast-hfb-below-header-display":"","ast-hfb-mobile-header-display":"","site-post-title":"","ast-breadcrumbs-content":"","ast-featured-img":"","footer-sml-layout":"","ast-disable-related-posts":"","theme-transparent-header-meta":"","adv-header-id-meta":"","stick-header-meta":"","header-above-stick-meta":"","header-main-stick-meta":"","header-below-stick-meta":"","astra-migrate-meta-layouts":"default","ast-page-background-enabled":"default","ast-page-background-meta":{"desktop":{"background-color":"var(--ast-global-color-4)","background-image":"","background-repeat":"repeat","background-position":"center center","background-size":"auto","background-attachment":"scroll","background-type":"","background-media":"","overlay-type":"","overlay-color":"","overlay-opacity":"","overlay-gradient":""},"tablet":{"background-color":"","background-image":"","background-repeat":"repeat","background-position":"center center","background-size":"auto","background-attachment":"scroll","background-type":"","background-media":"","overlay-type":"","overlay-color":"","overlay-opacity":"","overlay-gradient":""},"mobile":{"background-color":"","background-image":"","background-repeat":"repeat","background-position":"center center","background-size":"auto","background-attachment":"scroll","background-type":"","background-media":"","overlay-type":"","overlay-color":"","overlay-opacity":"","overlay-gradient":""}},"ast-content-background-meta":{"desktop":{"background-color":"var(--ast-global-color-5)","background-image":"","background-repeat":"repeat","background-position":"center center","background-size":"auto","background-attachment":"scroll","background-type":"","background-media":"","overlay-type":"","overlay-color":"","overlay-opacity":"","overlay-gradient":""},"tablet":{"background-color":"var(--ast-global-color-5)","background-image":"","background-repeat":"repeat","background-position":"center center","background-size":"auto","background-attachment":"scroll","background-type":"","background-media":"","overlay-type":"","overlay-color":"","overlay-opacity":"","overlay-gradient":""},"mobile":{"background-color":"var(--ast-global-color-5)","background-image":"","background-repeat":"repeat","background-position":"center center","background-size":"auto","background-attachment":"scroll","background-type":"","background-media":"","overlay-type":"","overlay-color":"","overlay-opacity":"","overlay-gradient":""}},"_jet_sm_ready_style":"","_jet_sm_style":"","_jet_sm_controls_values":"","_jet_sm_fonts_collection":"","_jet_sm_fonts_links":"","footnotes":""},"spoken-language":[149],"country":[119],"teacher-status":[76],"class_list":["post-6868","teachers","type-teachers","status-publish","hentry","spoken-language-anglais","country-france-fr","teacher-status-autres-professeurs"],"publishpress_future_workflow_manual_trigger":{"enabledWorkflows":[]},"_links":{"self":[{"href":"https:\/\/centreroyhart.org\/fr\/wp-json\/wp\/v2\/teachers\/6868","targetHints":{"allow":["GET"]}}],"collection":[{"href":"https:\/\/centreroyhart.org\/fr\/wp-json\/wp\/v2\/teachers"}],"about":[{"href":"https:\/\/centreroyhart.org\/fr\/wp-json\/wp\/v2\/types\/teachers"}],"version-history":[{"count":5,"href":"https:\/\/centreroyhart.org\/fr\/wp-json\/wp\/v2\/teachers\/6868\/revisions"}],"predecessor-version":[{"id":34823,"href":"https:\/\/centreroyhart.org\/fr\/wp-json\/wp\/v2\/teachers\/6868\/revisions\/34823"}],"wp:attachment":[{"href":"https:\/\/centreroyhart.org\/fr\/wp-json\/wp\/v2\/media?parent=6868"}],"wp:term":[{"taxonomy":"spoken-language","embeddable":true,"href":"https:\/\/centreroyhart.org\/fr\/wp-json\/wp\/v2\/spoken-language?post=6868"},{"taxonomy":"country","embeddable":true,"href":"https:\/\/centreroyhart.org\/fr\/wp-json\/wp\/v2\/country?post=6868"},{"taxonomy":"teacher-status","embeddable":true,"href":"https:\/\/centreroyhart.org\/fr\/wp-json\/wp\/v2\/teacher-status?post=6868"}],"curies":[{"name":"wp","href":"https:\/\/api.w.org\/{rel}","templated":true}]}}