{"id":7639,"date":"2024-11-11T19:30:19","date_gmt":"2024-11-11T19:30:19","guid":{"rendered":"https:\/\/centreroyhart.org\/teachers\/gabriela-barrenechea\/"},"modified":"2025-12-02T13:38:14","modified_gmt":"2025-12-02T13:38:14","slug":"gabriela-barrenechea","status":"publish","type":"teachers","link":"https:\/\/centreroyhart.org\/fr\/professeurs\/gabriela-barrenechea\/","title":{"rendered":"Barrenechea Gabriela"},"content":{"rendered":"\n<p>Contrainte \u00e0 l\u2019exil, Gabriela Barrenechea s\u2019installe en France dans les ann\u00e9es 1980. Lorsqu\u2019elle chante Pablo Neruda et Gabriela Mistral, elle affirme avec fiert\u00e9 son appartenance culturelle au Chili o\u00f9 elle est n\u00e9e. <\/p>\n\n<p>Compositrice, chanteuse, guitariste et com\u00e9dienne, elle compose et \u00e9crit ses propres spectacles. Son r\u00e9pertoire s\u2019est enrichi en Europe au gr\u00e9 de ses rencontres. Garcia Lorca, Pr\u00e9vert, Mac Orlan et Fr\u00e9d\u00e9ric Mistral, Barbara et Pierre Perret, le Canto G\u00e9n\u00e9ral sont autant de sources d\u2019inspiration. Dans le trio \u00ab morenica \u00bb, elle chante des chants s\u00e9farades, ces chants qu\u2019elle a dans sa valise depuis plus de trente ans.<\/p>\n\n<p>Dans le domaine lyrique, avec sa voix de mezzo-soprano, elle interpr\u00e8te le Requiem et Les Noces de Figaro de Mozart, le Stabat mater de Pergol\u00e8se, Didon et \u00c9n\u00e9e de Purcell, le Gloria de Vivaldi, le Magnificat de Bach. En recherche permanente, elle appuie son art et son enseignement sur l\u2019Eutonie (2) et sur le travail Roy Hart.  <\/p>\n\n<p>Gabriela Barrenechea a \u00e9tudi\u00e9 avec Ulrik Barfod, Edda Heeg, Carol Mendelsohn, Saule Ryan, Walli H\u00f6finger et Susanne Weins.<br\/>Elle parle espagnol, fran\u00e7ais et un peu anglais.<\/p>\n\n<p><strong>Contact :<\/strong> <a href=\"mailto:gabrielab@laposte.net\">gabrielab@laposte.net<\/a><\/p>\n\n<p><strong>Sites web :<\/strong> <br\/><a href=\"http:\/\/www.gabriela-barrenechea.fr\/\" target=\"_blank\" rel=\"noopener\">www.gabriela-barrenechea.fr<\/a><br\/><a href=\"http:\/\/www.triomorenica.fr\/\" target=\"_blank\" rel=\"noopener\">www.triomorenica.fr<\/a><\/p>\n\n<p><strong>Discographie :<br\/><\/strong>33 tours : &#8220;Las ganas de llamarme domingo &#8220;<br\/>MC : &#8221; Gabriela Barrenechea &#8220;<br\/>CD : &#8221; Todas ibamos a ser reinas &#8220;<br\/>CD : &#8221; Desde mi ventana &#8220;<\/p>\n","protected":false},"template":"","meta":{"site-sidebar-layout":"default","site-content-layout":"","ast-site-content-layout":"default","site-content-style":"default","site-sidebar-style":"default","ast-global-header-display":"","ast-banner-title-visibility":"","ast-main-header-display":"","ast-hfb-above-header-display":"","ast-hfb-below-header-display":"","ast-hfb-mobile-header-display":"","site-post-title":"","ast-breadcrumbs-content":"","ast-featured-img":"","footer-sml-layout":"","ast-disable-related-posts":"","theme-transparent-header-meta":"","adv-header-id-meta":"","stick-header-meta":"","header-above-stick-meta":"","header-main-stick-meta":"","header-below-stick-meta":"","astra-migrate-meta-layouts":"default","ast-page-background-enabled":"default","ast-page-background-meta":{"desktop":{"background-color":"var(--ast-global-color-4)","background-image":"","background-repeat":"repeat","background-position":"center center","background-size":"auto","background-attachment":"scroll","background-type":"","background-media":"","overlay-type":"","overlay-color":"","overlay-opacity":"","overlay-gradient":""},"tablet":{"background-color":"","background-image":"","background-repeat":"repeat","background-position":"center center","background-size":"auto","background-attachment":"scroll","background-type":"","background-media":"","overlay-type":"","overlay-color":"","overlay-opacity":"","overlay-gradient":""},"mobile":{"background-color":"","background-image":"","background-repeat":"repeat","background-position":"center center","background-size":"auto","background-attachment":"scroll","background-type":"","background-media":"","overlay-type":"","overlay-color":"","overlay-opacity":"","overlay-gradient":""}},"ast-content-background-meta":{"desktop":{"background-color":"var(--ast-global-color-5)","background-image":"","background-repeat":"repeat","background-position":"center center","background-size":"auto","background-attachment":"scroll","background-type":"","background-media":"","overlay-type":"","overlay-color":"","overlay-opacity":"","overlay-gradient":""},"tablet":{"background-color":"var(--ast-global-color-5)","background-image":"","background-repeat":"repeat","background-position":"center center","background-size":"auto","background-attachment":"scroll","background-type":"","background-media":"","overlay-type":"","overlay-color":"","overlay-opacity":"","overlay-gradient":""},"mobile":{"background-color":"var(--ast-global-color-5)","background-image":"","background-repeat":"repeat","background-position":"center center","background-size":"auto","background-attachment":"scroll","background-type":"","background-media":"","overlay-type":"","overlay-color":"","overlay-opacity":"","overlay-gradient":""}},"_jet_sm_ready_style":"","_jet_sm_style":"","_jet_sm_controls_values":"","_jet_sm_fonts_collection":"","_jet_sm_fonts_links":"","footnotes":""},"spoken-language":[149,156,150],"country":[119],"teacher-status":[74],"class_list":["post-7639","teachers","type-teachers","status-publish","hentry","spoken-language-anglais","spoken-language-espagnol","spoken-language-francais","country-france-fr","teacher-status-professeur-roy-hart"],"publishpress_future_workflow_manual_trigger":{"enabledWorkflows":[]},"_links":{"self":[{"href":"https:\/\/centreroyhart.org\/fr\/wp-json\/wp\/v2\/teachers\/7639","targetHints":{"allow":["GET"]}}],"collection":[{"href":"https:\/\/centreroyhart.org\/fr\/wp-json\/wp\/v2\/teachers"}],"about":[{"href":"https:\/\/centreroyhart.org\/fr\/wp-json\/wp\/v2\/types\/teachers"}],"version-history":[{"count":3,"href":"https:\/\/centreroyhart.org\/fr\/wp-json\/wp\/v2\/teachers\/7639\/revisions"}],"predecessor-version":[{"id":34816,"href":"https:\/\/centreroyhart.org\/fr\/wp-json\/wp\/v2\/teachers\/7639\/revisions\/34816"}],"wp:attachment":[{"href":"https:\/\/centreroyhart.org\/fr\/wp-json\/wp\/v2\/media?parent=7639"}],"wp:term":[{"taxonomy":"spoken-language","embeddable":true,"href":"https:\/\/centreroyhart.org\/fr\/wp-json\/wp\/v2\/spoken-language?post=7639"},{"taxonomy":"country","embeddable":true,"href":"https:\/\/centreroyhart.org\/fr\/wp-json\/wp\/v2\/country?post=7639"},{"taxonomy":"teacher-status","embeddable":true,"href":"https:\/\/centreroyhart.org\/fr\/wp-json\/wp\/v2\/teacher-status?post=7639"}],"curies":[{"name":"wp","href":"https:\/\/api.w.org\/{rel}","templated":true}]}}